{"id":21718,"date":"2019-12-22T20:59:54","date_gmt":"2019-12-22T19:59:54","guid":{"rendered":"https:\/\/staging.trustpromotion.info\/?page_id=21718"},"modified":"2024-06-24T10:23:57","modified_gmt":"2024-06-24T08:23:57","slug":"messestadt-hannover","status":"publish","type":"page","link":"https:\/\/trustpromotion.de\/en\/trade-fair-city-of-hanover\/","title":{"rendered":"Hanover trade fair city"},"content":{"rendered":"<div class=\"gb-container gb-container-72eb9347 gb-container-main-container\"><div class=\"gb-inside-container\">\n\n<h1 class=\"gb-headline gb-headline-4a8149ee gb-headline-text\" id=\"1\">Messestadt Hannover &#8211; wichtige Informationen\u200b<\/h1>\n\n\n\n<h2 class=\"gb-headline gb-headline-a2d33765 gb-headline-text\">Messe Hannover: Adresse, Anreise, Parkm\u00f6glichkeiten, Hotels und Tipps\u200b<\/h2>\n\n\n<div class=\"gb-grid-wrapper gb-grid-wrapper-b95d5d84\">\n<div class=\"gb-grid-column gb-grid-column-6dcc197c\"><div class=\"gb-container gb-container-6dcc197c\"><div class=\"gb-inside-container\">\n\n<p>Der Messestandort Hannover ist weltweit bekannt und richtet j\u00e4hrlich zahlreiche Veranstaltungen aus. Die Messe Hannover z\u00e4hlt zu den f\u00fchrenden Messegesellschaften \u00fcberhaupt. International bekannte Leitmessen geh\u00f6ren zum Programm der Messegesellschaft.<\/p>\n\n\n\n<p>Sehr bekannte und beliebte Leitmessen sind INTERSCHUTZ, Hannover Messe und IAA Nutzfahrzeuge. Weitere interessante Messen sind unter anderem die eroFame Erotikmesse, die Infa als gr\u00f6\u00dfte Erlebnis- und Einkaufsmessen und die Kosmetikmesse Cosmetica.<\/p>\n\n\n\n<p>Auf dem Hallengel\u00e4nde mit einer Fl\u00e4che von 392.453 m\u00b2 sind 24 Hallen und Pavillons zu finden. Au\u00dferdem gibt es eine Freifl\u00e4che von 58.000 m\u00b2. Aufgrund der Fl\u00e4che bietet die Messe Hannover das gr\u00f6\u00dfte Messegel\u00e4nde weltweit.<\/p>\n\n\n\n<ul class=\"wp-block-list\">\n<li><a rel=\"noreferrer noopener\" href=\"https:\/\/www.interschutz.de\/de\/\" target=\"_blank\">INTERSCHUTZ<\/a> \u2013 als internationale Leitmesse f\u00fcr Brandschutz, Sicherheit und Rettung mit \u00fcber 1.500 Ausstellern<\/li>\n\n\n\n<li><a rel=\"noreferrer noopener\" href=\"https:\/\/www.hannovermesse.de\/\" target=\"_blank\">Hannover Messe<\/a> \u2013 als Weltleitmesse der Industrie mit \u00fcber 6.000 Ausstellern und rund 200.000 Besuchern<\/li>\n\n\n\n<li><a rel=\"noreferrer noopener\" href=\"https:\/\/www.iaa.de\/de\/nfz\" target=\"_blank\">IAA Nutzfahrzeuge<\/a> \u2013 als Weltleitmesse f\u00fcr Mobilit\u00e4t, Logistik und Transport mit \u00fcber 2.000 Unternehmen<\/li>\n<\/ul>\n\n<\/div><\/div><\/div>\n\n<div class=\"gb-grid-column gb-grid-column-5eee09e3\"><div class=\"gb-container gb-container-5eee09e3\"><div class=\"gb-inside-container\">\n\n<h3 class=\"gb-headline gb-headline-89e68221 gb-headline-text\">Inhaltsverzeichnis<\/h3>\n\n\n<div class=\"gb-container gb-container-6bdfccc8\"><div class=\"gb-inside-container\">\n\n<ol class=\"smooth-scroll wp-block-list\">\n<li><a href=\"#1\">Messe Hannover: Adresse, Anreise, Parkm\u00f6glichkeiten, Hotels und Tipps\u200b<\/a><\/li>\n\n\n\n<li><a href=\"#2\">aktuelle Messetermine<\/a><\/li>\n\n\n\n<li><a href=\"#3\">Adressen der Messen <\/a><\/li>\n\n\n\n<li><a href=\"#4\">Weitere Messe- &amp; Kongressstandorte <\/a><\/li>\n\n\n\n<li><a href=\"#5\">Anfahrt &amp; Anreise<\/a><\/li>\n\n\n\n<li><a href=\"#6\">Parken am Messegel\u00e4nde<\/a><\/li>\n\n\n\n<li><a href=\"#7\">Hotels &amp; Motels nahe Messegel\u00e4nde<\/a><\/li>\n\n\n\n<li><a href=\"#8\">Promoter aus Hannover<\/a><\/li>\n<\/ol>\n\n<\/div><\/div>\n<\/div><\/div><\/div>\n<\/div>\n\n\n<hr class=\"wp-block-separator has-alpha-channel-opacity has-text-color has-background has-central-palette-1-background-color has-central-palette-1-color is-style-wide\" id=\"2\"\/>\n\n\n\n<h2 class=\"gb-headline gb-headline-15e6a7b1 gb-headline-text\">Aktuelle Messetermine\u200b in Hannover<\/h2>\n\n\n\t\t\t\t\t\t\t\t\t\t\t\t\t\t<div class=\"uk-margin-top messen-items\">\n\t\t\t\t\t\t<a href=\"https:\/\/trustpromotion.de\/en\/messen\/labvolution\/\" class=\"uk-link-reset\" uk-grid>\n\t<div class=\"uk-width-1-1 uk-width-1-3@s uk-width-1-4@m \">\n\t\t<img class=\"lazyload\" data-src=\"https:\/\/trustpromotion.de\/wp-content\/uploads\/2020\/04\/Trustpromotion-Messekalender-Logo-LABVOLUTION.gif\" width=\"100%\"  alt=\"\" uk-img>\n\t<\/div>\t\n\t<div class=\"uk-width-1-1 uk-width-2-3@s uk-width-3-4@m\">\n\t\t<h2>LABVOLUTION<\/h2>\n\t\t<div>Labortechnikmesse - World of Lab Technology<\/div>\n\t\t<div>Messegel\u00e4nde Hannover<\/div>\n\t\t<div>09.05.2023 - 11.05.2023<\/div><br>\n\t\t\n\t<\/div>\n<\/a>\n\n\t\t\t\t\t\t<a href=\"https:\/\/trustpromotion.de\/en\/messen\/heise-jobs-it-tag-hannover\/\" class=\"uk-link-reset\" uk-grid>\n\t<div class=\"uk-width-1-1 uk-width-1-3@s uk-width-1-4@m \">\n\t\t<img class=\"lazyload\" data-src=\"https:\/\/trustpromotion.de\/wp-content\/uploads\/2022\/02\/TrustPromotion-Messekalender-Logo-21996-IT-Jobtag-Koln.png\" width=\"100%\"  alt=\"\" uk-img>\n\t<\/div>\t\n\t<div class=\"uk-width-1-1 uk-width-2-3@s uk-width-3-4@m\">\n\t\t<h2>heise Jobs IT Tag Hannover<\/h2>\n\t\t<div>Jobmesse und Jobevent im IT & MINT Bereich<\/div>\n\t\t<div>Hannover Congress Centrum<\/div>\n\t\t<div>12.05.2023 - 12.05.2023<\/div><br>\n\t\t\n\t<\/div>\n<\/a>\n\n\t\t\t\t\t\t<a href=\"https:\/\/trustpromotion.de\/en\/messen\/mikroabenteuer-festival\/\" class=\"uk-link-reset\" uk-grid>\n\t<div class=\"uk-width-1-1 uk-width-1-3@s uk-width-1-4@m \">\n\t\t<img class=\"lazyload\" data-src=\"https:\/\/trustpromotion.de\/wp-content\/uploads\/2021\/09\/Trustpromotion-Messekalender-Logo-MikroAbenteuer-Festival.png\" width=\"100%\"  alt=\"\" uk-img>\n\t<\/div>\t\n\t<div class=\"uk-width-1-1 uk-width-2-3@s uk-width-3-4@m\">\n\t\t<h2>MikroAbenteuer Festival<\/h2>\n\t\t<div>Die Welt des Glamping<\/div>\n\t\t<div>EilersWerke Hannover<\/div>\n\t\t<div>12.05.2023 - 14.05.2023<\/div><br>\n\t\t\n\t<\/div>\n<\/a>\n\n\t\t\t\t\t\t<a href=\"https:\/\/trustpromotion.de\/en\/messen\/ligna\/\" class=\"uk-link-reset\" uk-grid>\n\t<div class=\"uk-width-1-1 uk-width-1-3@s uk-width-1-4@m \">\n\t\t<img class=\"lazyload\" data-src=\"https:\/\/trustpromotion.de\/wp-content\/uploads\/2020\/04\/Trustpromotion-Messekalender-Logo-LIGNA.gif\" width=\"100%\"  alt=\"\" uk-img>\n\t<\/div>\t\n\t<div class=\"uk-width-1-1 uk-width-2-3@s uk-width-3-4@m\">\n\t\t<h2>LIGNA<\/h2>\n\t\t<div>Weltleitmesse f\u00fcr Werkzeuge, Maschinen und Anlagen zur Holzbe- und -verarbeitung<\/div>\n\t\t<div>Messegel\u00e4nde Hannover<\/div>\n\t\t<div>15.05.2023 - 19.05.2023<\/div><br>\n\t\t\n\t<\/div>\n<\/a>\n\n\t\t\t\t\t\t<a href=\"https:\/\/trustpromotion.de\/en\/messen\/real-estate-arena\/\" class=\"uk-link-reset\" uk-grid>\n\t<div class=\"uk-width-1-1 uk-width-1-3@s uk-width-1-4@m \">\n\t\t<img class=\"lazyload\" data-src=\"https:\/\/trustpromotion.de\/wp-content\/uploads\/2022\/02\/TrustPromotion-Messekalender-Logo-22061-Real-Estate-Arena.png\" width=\"100%\"  alt=\"\" uk-img>\n\t<\/div>\t\n\t<div class=\"uk-width-1-1 uk-width-2-3@s uk-width-3-4@m\">\n\t\t<h2>Real Estate Arena<\/h2>\n\t\t<div>Immobilienmesse f\u00fcr Vernetzung & Austausch<\/div>\n\t\t<div>Messegel\u00e4nde Hannover<\/div>\n\t\t<div>24.05.2023 - 25.05.2023<\/div><br>\n\t\t\n\t<\/div>\n<\/a>\n\n\t\t\t\t\t\t<a href=\"https:\/\/trustpromotion.de\/en\/messen\/gartenfestival-herrenhausen\/\" class=\"uk-link-reset\" uk-grid>\n\t<div class=\"uk-width-1-1 uk-width-1-3@s uk-width-1-4@m \">\n\t\t<img class=\"lazyload\" data-src=\"https:\/\/trustpromotion.de\/wp-content\/uploads\/2020\/04\/Trustpromotion-Messekalender-Logo-Gartenfestival-Herrenhausen.gif\" width=\"100%\"  alt=\"\" uk-img>\n\t<\/div>\t\n\t<div class=\"uk-width-1-1 uk-width-2-3@s uk-width-3-4@m\">\n\t\t<h2>Gartenfestival Herrenhausen<\/h2>\n\t\t<div>Messe f\u00fcr Gartenvisionen<\/div>\n\t\t<div>Herrenh\u00e4user G\u00e4rten<\/div>\n\t\t<div>26.05.2023 - 29.05.2023<\/div><br>\n\t\t\n\t<\/div>\n<\/a>\n\n\t\t\t\t\t\t<a href=\"https:\/\/trustpromotion.de\/en\/messen\/vocatium-hannover\/\" class=\"uk-link-reset\" uk-grid>\n\t<div class=\"uk-width-1-1 uk-width-1-3@s uk-width-1-4@m \">\n\t\t<img class=\"lazyload\" data-src=\"https:\/\/trustpromotion.de\/wp-content\/uploads\/2020\/04\/Trustpromotion-Messekalender-Logo-vocatium-Flensburg.gif\" width=\"100%\"  alt=\"\" uk-img>\n\t<\/div>\t\n\t<div class=\"uk-width-1-1 uk-width-2-3@s uk-width-3-4@m\">\n\t\t<h2>vocatium Hannover<\/h2>\n\t\t<div>Fachmesse f\u00fcr Ausbildung+Studium<\/div>\n\t\t<div>Hannover Congress Centrum<\/div>\n\t\t<div>07.06.2023 - 08.06.2023<\/div><br>\n\t\t\n\t<\/div>\n<\/a>\n\n\t\t\t\t\t\t<a href=\"https:\/\/trustpromotion.de\/en\/messen\/auf-in-die-welt-messe-hannover\/\" class=\"uk-link-reset\" uk-grid>\n\t<div class=\"uk-width-1-1 uk-width-1-3@s uk-width-1-4@m \">\n\t\t<img class=\"lazyload\" data-src=\"https:\/\/trustpromotion.de\/wp-content\/uploads\/2020\/04\/Trustpromotion-Messekalender-Logo-Auf-in-die-Welt-Messe-Hamburg-HanseMerkur-Haus.gif\" width=\"100%\"  alt=\"\" uk-img>\n\t<\/div>\t\n\t<div class=\"uk-width-1-1 uk-width-2-3@s uk-width-3-4@m\">\n\t\t<h2>Auf in die Welt Messe Hannover<\/h2>\n\t\t<div>Deine Messe f\u00fcr Auslandsaufenthalte und Internationale Bildung<\/div>\n\t\t<div>Freizeitheim Linden<\/div>\n\t\t<div>10.06.2023 - 10.06.2023<\/div><br>\n\t\t\n\t<\/div>\n<\/a>\n\n\t\t\t\t\t\t<a href=\"https:\/\/trustpromotion.de\/en\/messen\/lightcon\/\" class=\"uk-link-reset\" uk-grid>\n\t<div class=\"uk-width-1-1 uk-width-1-3@s uk-width-1-4@m \">\n\t\t<img class=\"lazyload\" data-src=\"https:\/\/trustpromotion.de\/wp-content\/uploads\/2020\/11\/Trustpromotion-Messekalender-Logo-LightCon.png\" width=\"100%\"  alt=\"\" uk-img>\n\t<\/div>\t\n\t<div class=\"uk-width-1-1 uk-width-2-3@s uk-width-3-4@m\">\n\t\t<h2>LightCon<\/h2>\n\t\t<div>Kongressmesse f\u00fcr Leichtbau<\/div>\n\t\t<div>Messegel\u00e4nde Hannover<\/div>\n\t\t<div>13.06.2023 - 14.06.2023<\/div><br>\n\t\t\n\t<\/div>\n<\/a>\n\n\t\t\t\t\t\t<a href=\"https:\/\/trustpromotion.de\/en\/messen\/jobmesse-hannover\/\" class=\"uk-link-reset\" uk-grid>\n\t<div class=\"uk-width-1-1 uk-width-1-3@s uk-width-1-4@m \">\n\t\t<img class=\"lazyload\" data-src=\"https:\/\/trustpromotion.de\/wp-content\/uploads\/2020\/11\/Trustpromotion-Messekalender-Logo-jobmesse-hannover.png\" width=\"100%\"  alt=\"\" uk-img>\n\t<\/div>\t\n\t<div class=\"uk-width-1-1 uk-width-2-3@s uk-width-3-4@m\">\n\t\t<h2>jobmesse hannover<\/h2>\n\t\t<div>Messe f\u00fcr Beruf, Ausbildung Trainee und Praktika<\/div>\n\t\t<div>Hannover Congress Centrum<\/div>\n\t\t<div>24.06.2023 - 25.06.2023<\/div><br>\n\t\t\n\t<\/div>\n<\/a>\n\n\t\t\t\t\t\t<a href=\"https:\/\/trustpromotion.de\/en\/messen\/jubi-hannover-1-die-jugendbildungsmesse\/\" class=\"uk-link-reset\" uk-grid>\n\t<div class=\"uk-width-1-1 uk-width-1-3@s uk-width-1-4@m \">\n\t\t<img class=\"lazyload\" data-src=\"https:\/\/trustpromotion.de\/wp-content\/uploads\/2020\/04\/Trustpromotion-Messekalender-Logo-JuBi-K\u00f6ln-1-Die-JugendBildungsmesse.gif\" width=\"100%\"  alt=\"\" uk-img>\n\t<\/div>\t\n\t<div class=\"uk-width-1-1 uk-width-2-3@s uk-width-3-4@m\">\n\t\t<h2>JuBi Hannover 1 &#8211; Die JugendBildungsmesse<\/h2>\n\t\t<div>Messe f\u00fcr Schule, Reisen, Lernen und Leben im Ausland<\/div>\n\t\t<div>Tellkampfschule<\/div>\n\t\t<div>24.06.2023 - 24.06.2023<\/div><br>\n\t\t\n\t<\/div>\n<\/a>\n\n\t\t\t\t\t\t<a href=\"https:\/\/trustpromotion.de\/en\/messen\/cosmetica-hannover\/\" class=\"uk-link-reset\" uk-grid>\n\t<div class=\"uk-width-1-1 uk-width-1-3@s uk-width-1-4@m \">\n\t\t<img class=\"lazyload\" data-src=\"https:\/\/trustpromotion.de\/wp-content\/uploads\/2020\/04\/Trustpromotion-Messekalender-Logo-COSMETICA-Hannover.png\" width=\"100%\"  alt=\"\" uk-img>\n\t<\/div>\t\n\t<div class=\"uk-width-1-1 uk-width-2-3@s uk-width-3-4@m\">\n\t\t<h2>COSMETICA Hannover<\/h2>\n\t\t<div>Kosmetik-Fachmesse mit Kongressprogramm f\u00fcr Kosmetik-Profis<\/div>\n\t\t<div>Messegel\u00e4nde Hannover<\/div>\n\t\t<div>01.07.2023 - 02.07.2023<\/div><br>\n\t\t\n\t<\/div>\n<\/a>\n\n\t\t\t\t\t\t<a href=\"https:\/\/trustpromotion.de\/en\/messen\/ps-days-performance-style-days\/\" class=\"uk-link-reset\" uk-grid>\n\t<div class=\"uk-width-1-1 uk-width-1-3@s uk-width-1-4@m \">\n\t\t<img class=\"lazyload\" data-src=\"https:\/\/trustpromotion.de\/wp-content\/uploads\/2020\/04\/Trustpromotion-Messekalender-Logo-PS-Days-Performance-Style-Days.png\" width=\"100%\"  alt=\"\" uk-img>\n\t<\/div>\t\n\t<div class=\"uk-width-1-1 uk-width-2-3@s uk-width-3-4@m\">\n\t\t<h2>PS Days &#8211; Performance &#038; Style Days<\/h2>\n\t\t<div>Messe f\u00fcr Motorsport, Individualisierung und Leistungsoptimierung<\/div>\n\t\t<div>Messegel\u00e4nde Hannover<\/div>\n\t\t<div>07.07.2023 - 09.07.2023<\/div><br>\n\t\t\n\t<\/div>\n<\/a>\n\n\t\t\t\t\t\t<a href=\"https:\/\/trustpromotion.de\/en\/messen\/dog-days\/\" class=\"uk-link-reset\" uk-grid>\n\t<div class=\"uk-width-1-1 uk-width-1-3@s uk-width-1-4@m \">\n\t\t<img class=\"lazyload\" data-src=\"https:\/\/trustpromotion.de\/wp-content\/uploads\/2022\/02\/TrustPromotion-Messekalender-Logo-19102-DOG-DAYS.png\" width=\"100%\"  alt=\"\" uk-img>\n\t<\/div>\t\n\t<div class=\"uk-width-1-1 uk-width-2-3@s uk-width-3-4@m\">\n\t\t<h2>DOG DAYS<\/h2>\n\t\t<div>Das Hundefestival in Hannover<\/div>\n\t\t<div>Sport Club Elite Hannover<\/div>\n\t\t<div>15.07.2023 - 16.07.2023<\/div><br>\n\t\t\n\t<\/div>\n<\/a>\n\n\t\t\t\t\t\t<a href=\"https:\/\/trustpromotion.de\/en\/messen\/maker-faire-hannover\/\" class=\"uk-link-reset\" uk-grid>\n\t<div class=\"uk-width-1-1 uk-width-1-3@s uk-width-1-4@m \">\n\t\t<img class=\"lazyload\" data-src=\"https:\/\/trustpromotion.de\/wp-content\/uploads\/2020\/04\/Trustpromotion-Messekalender-Logo-Maker-Faire-Hannover.gif\" width=\"100%\"  alt=\"\" uk-img>\n\t<\/div>\t\n\t<div class=\"uk-width-1-1 uk-width-2-3@s uk-width-3-4@m\">\n\t\t<h2>Maker Faire Hannover<\/h2>\n\t\t<div>Das Event rund ums Machen, T\u00fcfteln und Gestalten<\/div>\n\t\t<div>Hannover Congress Centrum<\/div>\n\t\t<div>19.08.2023 - 20.08.2023<\/div><br>\n\t\t\n\t<\/div>\n<\/a>\n\n\t\t\t\t\t\t<a href=\"https:\/\/trustpromotion.de\/en\/messen\/lab-supply-hannover\/\" class=\"uk-link-reset\" uk-grid>\n\t<div class=\"uk-width-1-1 uk-width-1-3@s uk-width-1-4@m \">\n\t\t<img class=\"lazyload\" data-src=\"https:\/\/trustpromotion.de\/wp-content\/uploads\/2021\/09\/Trustpromotion-Messekalender-Logo-LAB-SUPPLY-Hamburg.png\" width=\"100%\"  alt=\"\" uk-img>\n\t<\/div>\t\n\t<div class=\"uk-width-1-1 uk-width-2-3@s uk-width-3-4@m\">\n\t\t<h2>LAB-SUPPLY Hannover<\/h2>\n\t\t<div>Die regionale Fachmesse f\u00fcr instrumentelle Analytik, Labortechnik, Laborchemikalien und Biotechnologie\/Life Science<\/div>\n\t\t<div>Wienecke XI. Hotel Hannover GmbH<\/div>\n\t\t<div>06.09.2023 - 06.09.2023<\/div><br>\n\t\t\n\t<\/div>\n<\/a>\n\n\t\t\t\t\t\t<a href=\"https:\/\/trustpromotion.de\/en\/messen\/edelsteintage-hannover\/\" class=\"uk-link-reset\" uk-grid>\n\t<div class=\"uk-width-1-1 uk-width-1-3@s uk-width-1-4@m \">\n\t\t<img class=\"lazyload\" data-src=\"https:\/\/trustpromotion.de\/wp-content\/uploads\/2020\/11\/Trustpromotion-Messekalender-Logo-Edelsteintage-Hannover.png\" width=\"100%\"  alt=\"\" uk-img>\n\t<\/div>\t\n\t<div class=\"uk-width-1-1 uk-width-2-3@s uk-width-3-4@m\">\n\t\t<h2>Edelsteintage Hannover<\/h2>\n\t\t<div>Mineralien Edelsteine Schmuck Fossilien Esoterik<\/div>\n\t\t<div>Hannover Congress Centrum<\/div>\n\t\t<div>09.09.2023 - 10.09.2023<\/div><br>\n\t\t\n\t<\/div>\n<\/a>\n\n\t\t\t\t\t\t<a href=\"https:\/\/trustpromotion.de\/en\/messen\/stuzubi-schuelermesse-hannover-ausbildung-studium\/\" class=\"uk-link-reset\" uk-grid>\n\t<div class=\"uk-width-1-1 uk-width-1-3@s uk-width-1-4@m \">\n\t\t<img class=\"lazyload\" data-src=\"https:\/\/trustpromotion.de\/wp-content\/uploads\/2020\/11\/Trustpromotion-Messekalender-Logo-stuzubi-Schuelermesse-Berlin-Fruehjahr-Ausbildung-Studium.png\" width=\"100%\"  alt=\"\" uk-img>\n\t<\/div>\t\n\t<div class=\"uk-width-1-1 uk-width-2-3@s uk-width-3-4@m\">\n\t\t<h2>stuzubi Sch\u00fclermesse Hannover &#8211; Ausbildung &#038; Studium<\/h2>\n\t\t<div>Messe f\u00fcr Ausbildung, Bachelor, Duales Studium, Praktikum, Ausland, Bewerbung<\/div>\n\t\t<div>Hannover Congress Centrum<\/div>\n\t\t<div>09.09.2023 - 09.09.2023<\/div><br>\n\t\t\n\t<\/div>\n<\/a>\n\n\t\t\t\t\t\t<a href=\"https:\/\/trustpromotion.de\/en\/messen\/gesundheitstag-hannover\/\" class=\"uk-link-reset\" uk-grid>\n\t<div class=\"uk-width-1-1 uk-width-1-3@s uk-width-1-4@m \">\n\t\t<img class=\"lazyload\" data-src=\"https:\/\/trustpromotion.de\/wp-content\/uploads\/2021\/09\/Trustpromotion-Messekalender-Logo-Gesundheitstag-Bad-Salzdetfurth.png\" width=\"100%\"  alt=\"\" uk-img>\n\t<\/div>\t\n\t<div class=\"uk-width-1-1 uk-width-2-3@s uk-width-3-4@m\">\n\t\t<h2>Gesundheitstag Hannover<\/h2>\n\t\t<div>Messe rund um das Thema Gesundheit<\/div>\n\t\t<div>Freizeitheim D\u00f6hren<\/div>\n\t\t<div>10.09.2023 - 10.09.2023<\/div><br>\n\t\t\n\t<\/div>\n<\/a>\n\n\t\t\t\t\t\t<a href=\"https:\/\/trustpromotion.de\/en\/messen\/emo-hannover\/\" class=\"uk-link-reset\" uk-grid>\n\t<div class=\"uk-width-1-1 uk-width-1-3@s uk-width-1-4@m \">\n\t\t<img class=\"lazyload\" data-src=\"https:\/\/trustpromotion.de\/wp-content\/uploads\/2020\/04\/Trustpromotion-Messekalender-Logo-EMO-Hannover.png\" width=\"100%\"  alt=\"\" uk-img>\n\t<\/div>\t\n\t<div class=\"uk-width-1-1 uk-width-2-3@s uk-width-3-4@m\">\n\t\t<h2>EMO Hannover<\/h2>\n\t\t<div>Die Weltleitmesse der Metallbearbeitung<\/div>\n\t\t<div>Messegel\u00e4nde Hannover<\/div>\n\t\t<div>18.09.2023 - 23.09.2023<\/div><br>\n\t\t\n\t<\/div>\n<\/a>\n\n\t\t\t\t\t\t<a href=\"https:\/\/trustpromotion.de\/en\/messen\/vdi-nachrichten-recruiting-tag-hannover\/\" class=\"uk-link-reset\" uk-grid>\n\t<div class=\"uk-width-1-1 uk-width-1-3@s uk-width-1-4@m \">\n\t\t<img class=\"lazyload\" data-src=\"https:\/\/trustpromotion.de\/wp-content\/uploads\/2020\/04\/Trustpromotion-Messekalender-Logo-VDI-nachrichten-Recruiting-Tag-D\u00fcsseldorf.gif\" width=\"100%\"  alt=\"\" uk-img>\n\t<\/div>\t\n\t<div class=\"uk-width-1-1 uk-width-2-3@s uk-width-3-4@m\">\n\t\t<h2>VDI nachrichten Recruiting Tag Hannover<\/h2>\n\t\t<div>Die Karrieremesse f\u00fcr stellensuchende und wechselwillige Ingenieure<\/div>\n\t\t<div>Hannover Congress Centrum<\/div>\n\t\t<div>20.09.2023 - 20.09.2023<\/div><br>\n\t\t\n\t<\/div>\n<\/a>\n\n\t\t\t\t\t\t<a href=\"https:\/\/trustpromotion.de\/en\/messen\/globoscan\/\" class=\"uk-link-reset\" uk-grid>\n\t<div class=\"uk-width-1-1 uk-width-1-3@s uk-width-1-4@m \">\n\t\t<img class=\"lazyload\" data-src=\"https:\/\/trustpromotion.de\/wp-content\/uploads\/2020\/04\/Trustpromotion-Messekalender-Logo-GLOBOScan.gif\" width=\"100%\"  alt=\"\" uk-img>\n\t<\/div>\t\n\t<div class=\"uk-width-1-1 uk-width-2-3@s uk-width-3-4@m\">\n\t\t<h2>GLOBOScan<\/h2>\n\t\t<div>Die Barcodefachmesse<\/div>\n\t\t<div>GLOBOS Logistik- und Informationssysteme<\/div>\n\t\t<div>21.09.2023 - 21.09.2023<\/div><br>\n\t\t\n\t<\/div>\n<\/a>\n\n\t\t\t\t\t\t<a href=\"https:\/\/trustpromotion.de\/en\/messen\/abi-zukunft-hannover\/\" class=\"uk-link-reset\" uk-grid>\n\t<div class=\"uk-width-1-1 uk-width-1-3@s uk-width-1-4@m \">\n\t\t<img class=\"lazyload\" data-src=\"https:\/\/trustpromotion.de\/wp-content\/uploads\/2023\/05\/TrustPromotion-Messekalender-Logo-14201-ABI-Zukunft-Osnabrueck.png\" width=\"100%\"  alt=\"\" uk-img>\n\t<\/div>\t\n\t<div class=\"uk-width-1-1 uk-width-2-3@s uk-width-3-4@m\">\n\t\t<h2>ABI Zukunft Hannover<\/h2>\n\t\t<div>Die Informationsmesse f\u00fcr die Zeit nach dem Abitur<\/div>\n\t\t<div>Hannover Congress Centrum<\/div>\n\t\t<div>23.09.2023 - 23.09.2023<\/div><br>\n\t\t\n\t<\/div>\n<\/a>\n\n\t\t\t\t\t\t<a href=\"https:\/\/trustpromotion.de\/en\/messen\/country\/\" class=\"uk-link-reset\" uk-grid>\n\t<div class=\"uk-width-1-1 uk-width-1-3@s uk-width-1-4@m \">\n\t\t<img class=\"lazyload\" data-src=\"https:\/\/trustpromotion.de\/wp-content\/uploads\/2020\/04\/Trustpromotion-Messekalender-Logo-Country.gif\" width=\"100%\"  alt=\"\" uk-img>\n\t<\/div>\t\n\t<div class=\"uk-width-1-1 uk-width-2-3@s uk-width-3-4@m\">\n\t\t<h2>Country<\/h2>\n\t\t<div>Messe f\u00fcr Country Living, Jagdambiente und Reitkultur<\/div>\n\t\t<div>Messegel\u00e4nde Hannover<\/div>\n\t\t<div>07.10.2023 - 10.10.2023<\/div><br>\n\t\t\n\t<\/div>\n<\/a>\n\n\t\t\t\t\t\t<\/div>\n\t\t\t<div id=\"more-items-container\"><\/div><a href=\"javascript:void(0);\" \n   class=\"load-more\" \n   data-target=\".messen-items\" \n   data-container=\"#more-items-container\" \n   data-no_paging_url=\"\" \n   data-hasmore=\"true\" \n   data-total=\"3\" \n   data-next=\"2\">\n\t+ weitere laden<span uk-spinner=\"ratio:.5;\" class=\"uk-margin-small-left uk-hidden\"><\/span>\n<\/a>\n\t\t\t\n<script>window.onload = (event) => {\n\t(function($){\n\t\t\/\/ disable load more button when attribute dictates there are no more pages\n\t\t$( '.load-more' ).each( function( item ) { if ($(this).attr( 'data-hasmore' ) == 'false') { $(this).remove(); }; } );\n\t\t$( 'body' ).on( 'click' , '.load-more' , function() {\n\t\t\tconst $this = $( this );\n\t\t\t$this.find( \"[uk-spinner]\" ).removeClass( 'uk-hidden' );\n\t\t\tvar next = parseInt($this.attr( 'data-next' )),\n\t\t\t\ttotal = parseInt($this.attr( 'data-total' )); \n\t\t\tvar url = $this.data( 'no_paging_url' );\n\t\t\t\/\/ when no_paging_url is a ?s={searchstring} url \n\t\t\tif ( $this.data( 'no_paging_url' ).includes( '?s=' ) ) {\n\t\t\t\turl = url.replace( '?s=' , `page\/${next}\/?s=` );\n\t\t\t} else {\n\t\t\t\turl += `page\/${next}\/`;\n\t\t\t}\n\t\t\t$( $this.data( 'container' ) ).load( `${url} .messen-items > a` , function() {\n\t\t\t\t\/\/ now move the items from the target to the \n\t\t\t\t$($this.data( 'target' )).append( $($this.data( 'container' )).html() );\n\t\t\t\t$($this.data( 'container' )).html( \"\" );\n\t\t\t\t\/\/ remove if we're already on the last item\n\t\t\t\tif ( next == total ) {\n\t\t\t\t\t$this.remove();\n\t\t\t\t\treturn;\n\t\t\t\t} else {\n\t\t\t\t\t$this.attr( \"data-next\" , next + 1 );\n\t\t\t\t}\n\t\t\t$this.find( \"[uk-spinner]\" ).addClass( 'uk-hidden' );\n\t\t\t} );\n\t\t} );\n\t})(jQuery);\t\n}\n<\/script>\n\n\n\n<p class=\"gb-headline gb-headline-fc165c36 gb-headline-text\"><strong>Hinweis:<\/strong> Messeinformationen werden aktuell nicht in Englisch \u00fcbersetzt und stehen deshalb nur auf der deutschen Seite zur Verf\u00fcgung.<\/p>\n\n\n\n<hr class=\"wp-block-separator has-alpha-channel-opacity has-text-color has-background has-central-palette-1-background-color has-central-palette-1-color is-style-wide\" id=\"3\"\/>\n\n\n\n<h2 class=\"gb-headline gb-headline-6f0b4688 gb-headline-text\">Adressen der Messe Hannover<\/h2>\n\n\n<div class=\"gb-grid-wrapper gb-grid-wrapper-57b70c17\">\n<div class=\"gb-grid-column gb-grid-column-b4151151\"><div class=\"gb-container gb-container-b4151151\"><div class=\"gb-inside-container\">\n\n<h3 class=\"wp-block-heading\">Hauptmessestandort Hannover<\/h3>\n\n\n\n<p><strong>Hannover Messe<\/strong><br>Messegel\u00e4nde<br>30521 Hannover<\/p>\n\n<\/div><\/div><\/div>\n\n<div class=\"gb-grid-column gb-grid-column-bd8872f2\"><div class=\"gb-container gb-container-bd8872f2\"><div class=\"gb-inside-container\">\n\n<figure class=\"wp-block-image size-full\"><a href=\"https:\/\/goo.gl\/maps\/3QwQrPQt8DGpbEJB9\" target=\"_blank\" rel=\"noopener\"><img decoding=\"async\" width=\"600\" height=\"600\" src=\"https:\/\/trustpromotion.de\/wp-content\/uploads\/2022\/02\/Messe-Hannover-Standort.jpg\" data-orig-src=\"https:\/\/trustpromotion.de\/wp-content\/uploads\/2022\/02\/Messe-Hannover-Standort.jpg\" alt=\"\" class=\"lazyload wp-image-41569\" srcset=\"data:image\/svg+xml,%3Csvg%20xmlns%3D%27http%3A%2F%2Fwww.w3.org%2F2000%2Fsvg%27%20width%3D%27600%27%20height%3D%27600%27%20viewBox%3D%270%200%20600%20600%27%3E%3Crect%20width%3D%27600%27%20height%3D%27600%27%20fill-opacity%3D%220%22%2F%3E%3C%2Fsvg%3E\" data-srcset=\"https:\/\/trustpromotion.de\/wp-content\/uploads\/2022\/02\/Messe-Hannover-Standort-150x150.jpg 150w, https:\/\/trustpromotion.de\/wp-content\/uploads\/2022\/02\/Messe-Hannover-Standort-300x300.jpg 300w, https:\/\/trustpromotion.de\/wp-content\/uploads\/2022\/02\/Messe-Hannover-Standort.jpg 600w\" data-sizes=\"auto\" data-orig-sizes=\"(max-width: 600px) 100vw, 600px\" \/><\/a><\/figure>\n\n<\/div><\/div><\/div>\n<\/div>\n\n\n<hr class=\"wp-block-separator has-alpha-channel-opacity has-text-color has-background has-central-palette-1-background-color has-central-palette-1-color is-style-wide\" id=\"4\"\/>\n\n\n\n<h2 class=\"gb-headline gb-headline-82086081 gb-headline-text\">Weitere Messe &amp; Kongressstandorte in Hannover<\/h2>\n\n\n<div class=\"gb-grid-wrapper gb-grid-wrapper-ca23c516\">\n<div class=\"gb-grid-column gb-grid-column-f34109fd\"><div class=\"gb-container gb-container-f34109fd\"><div class=\"gb-inside-container\">\n\n<p><a href=\"https:\/\/www.wienecke.de\/#conference\"><strong>Congress Centrum Wienecke XI<\/strong><\/a><br>Hildesheimer Stra\u00dfe 380<br>30519 Hannover<\/p>\n\n\n\n<p><a href=\"https:\/\/www.messe.de\/\" target=\"_blank\" rel=\"noreferrer noopener\"><strong>Deutsche Messe Messegel\u00e4nde<\/strong><\/a><br>Hermesallee<br>30521 Hannover<\/p>\n\n<\/div><\/div><\/div>\n\n<div class=\"gb-grid-column gb-grid-column-43515275\"><div class=\"gb-container gb-container-43515275\"><div class=\"gb-inside-container\">\n\n<p><a href=\"https:\/\/www.hannover.de\/Kultur-Freizeit\/Freizeit-Sport\/Freizeiteinrichtungen\/Freizeitheime-Stadtteilzentren\/Freizeitheim-Vahrenwald\" target=\"_blank\" rel=\"noreferrer noopener\"><strong>Freizeitheim Vahrenwald<\/strong><\/a><br>Vahrenwalder Stra\u00dfe 92<br>30165 Hannover<\/p>\n\n\n\n<p><a href=\"https:\/\/www.hcc.de\/\" target=\"_blank\" rel=\"noreferrer noopener\"><strong>Hannover Congress Centrum<\/strong><\/a><br>Theodor-Heuss-Platz 1-3<br>30175 Hannover<\/p>\n\n<\/div><\/div><\/div>\n\n<div class=\"gb-grid-column gb-grid-column-b106c7a1\"><div class=\"gb-container gb-container-b106c7a1\"><div class=\"gb-inside-container\">\n\n<p><a href=\"https:\/\/www.hannover.de\/Herrenhausen\" target=\"_blank\" rel=\"noreferrer noopener\"><strong>Herrenh\u00e4user G\u00e4rten<\/strong><\/a><br>Herrenh\u00e4user Str.4<br>30419 Hannover<\/p>\n\n\n\n<p><strong>TUI Arena<\/strong><br>EXPO Plaza 7<br>30539 Hannover<\/p>\n\n<\/div><\/div><\/div>\n<\/div>\n\n\n<hr class=\"wp-block-separator has-alpha-channel-opacity has-text-color has-background has-central-palette-1-background-color has-central-palette-1-color is-style-wide\" id=\"5\"\/>\n\n\n\n<h2 class=\"gb-headline gb-headline-82910a1a gb-headline-text\">Anfahrt &amp; Anreise zur Messe Hannover<\/h2>\n\n\n<div class=\"gb-grid-wrapper gb-grid-wrapper-c2298fa6\">\n<div class=\"gb-grid-column gb-grid-column-ce2f1eb8\"><div class=\"gb-container gb-container-ce2f1eb8\"><div class=\"gb-inside-container\">\n\n<p class=\"gb-headline gb-headline-e9ee97ce\"><span class=\"gb-icon\"><svg viewBox=\"0 0 197.99999 81.10622\" xmlns=\"http:\/\/www.w3.org\/2000\/svg\"><defs><style>.cls-1{fill:#616161;}<\/style><\/defs><g data-name=\"Layer 2\" id=\"Layer_2\"><g data-name=\"Layer 1\" id=\"Layer_1-2\"><g id=\"NewGroupe0\"><g id=\"NewGroup1-7\"><path d=\"M39.95231,45.83462a17.63631,17.63631,0,1,0,17.7944,17.6639,17.5957,17.5957,0,0,0-17.7944-17.6639Z\" class=\"cls-1\"><\/path><path d=\"M158.6927,45.99282a17.502,17.502,0,1,0,17.5476,17.3989,17.47473,17.47473,0,0,0-17.5476-17.3989Z\" class=\"cls-1\"><\/path><path d=\"M153.0607,22.102c-.3562,1.1936-1.4712,1.1439-2.3761,1.4236a5.24333,5.24333,0,0,1-.9705.17c-3.5919.4003-7.1754.9289-10.7779,1.163-6.7266.437-13.4599.809-20.196,1.0622V5.59562A73.80993,73.80993,0,0,1,129.8191,7.204a76.27672,76.27672,0,0,1,8.5323,2.2875,79.59811,79.59811,0,0,1,8.5585,3.7198,15.44677,15.44677,0,0,1,6.0117,4.6595c1.023,1.42.5635,2.8079.1391,4.2312Zm-48.04809,17.3681c-3.4919,0-6.3225-1.1047-6.3225-2.4673s2.8306-2.4673,6.3225-2.4673,6.3225,1.1047,6.3225,2.4673-2.8306,2.4673-6.3225,2.4673Zm-10.6471-12.9772q-2.172,0-4.3438.0003c-6.1858.0087-12.3714.0278-18.557.0225-1.8965-.0015-2.4479-.9632-1.4718-2.5879a27.28181,27.28181,0,0,1,2.142-3.1776c3.8872-4.7869,8.9678-7.9722,14.5328-10.3788a63.01527,63.01527,0,0,1,24.0537-4.9769v20.7696c-5.4513.1256-10.9044.1925-16.3559.3029v.0259Zm102.78219,3.7365c-.2399-1.7836-1.4794-2.9784-2.63869-4.1337a15.97618,15.97618,0,0,0-10.90931-4.8986c-4.2343-.169-8.4725-.2483-12.7052-.4444a3.15934,3.15934,0,0,1-1.7901-.7711A76.10533,76.10533,0,0,0,150.6532,7.793a82.65091,82.65091,0,0,0-14.5141-5.0882A100.8604,100.8604,0,0,0,124.7373.71032a104.77575,104.77575,0,0,0-22.31139-.2289A63.67951,63.67951,0,0,0,85.315,4.35822a74.92374,74.92374,0,0,0-19.8663,10.9072c-3.4548,2.6693-6.5458,5.8077-9.8378,8.6923a3.50079,3.50079,0,0,1-1.7561.8549c-5.8306.6952-11.6702,1.317-17.5063,1.9699-3.6985.4139-7.418.7053-11.0882,1.2981-6.7854,1.0952-13.0037,3.5545-18.0223,8.4374A23.28528,23.28528,0,0,0,.02111,53.577c-.033,2.9596.0361,5.9207-.0188,8.8796-.0839,4.5402,2.1216,6.2778,5.9441,6.5422,4.213.2914,6.9193.0666,11.234.0666-.8342-10.1651.8491-17.5248,7.8014-24.0438,4.6623-4.3721,10.8044-5.9031,17.1917-5.5614a23.00489,23.00489,0,0,1,20.5223,15.9889,29.10445,29.10445,0,0,1,1.0008,13.7443H134.7269a47.145,47.145,0,0,1,.009-8.6857c.57211-6.0202,2.582-11.1473,7.1355-15.1777l.0838-.0743a24.49139,24.49139,0,0,1,19.0462-6.0243,32.00616,32.00616,0,0,1,3.6267.6378,25.08776,25.08776,0,0,1,18.3042,17.6516c.10271.3664.1924.7247.2668,1.0711h14.4955c.9252-26.5238-.5469-28.3625-.5469-28.3625Z\" class=\"cls-1\"><\/path><\/g><\/g><\/g><\/g><\/svg><\/span><\/p>\n\n\n\n<h3 class=\"wp-block-heading\">Anreise \u00fcber die Autobahn<\/h3>\n\n\n\n<p>Hannover ist an das Autobahnnetz gut angebunden. Ob von Nord, Ost, S\u00fcd oder West, aus allen Richtungen ist Hannover bequem entweder \u00fcber die A7 oder die A2 erreichbar.<\/p>\n\n\n\n<p>Von der A7 und der A2 wird auf die A37, auch bekannt als B3 Messe-Schnellweg) gewechselt. Hier folgen Sie den Schildern Richtung Hannover\/Messe.<\/p>\n\n<\/div><\/div><\/div>\n\n<div class=\"gb-grid-column gb-grid-column-75edb31c\"><div class=\"gb-container gb-container-75edb31c\"><div class=\"gb-inside-container\">\n\n<p class=\"gb-headline gb-headline-4172dbe9\"><span class=\"gb-icon\"><svg viewBox=\"0 0 191.304 197.99998\" xmlns=\"http:\/\/www.w3.org\/2000\/svg\"><defs><style>.cls-1{fill:#616161;}<\/style><\/defs><g data-name=\"Layer 2\" id=\"Layer_2\"><g data-name=\"Layer 1\" id=\"Layer_1-2\"><g id=\"NewGroupe1\"><g id=\"NewGroup1-6\"><path d=\"M127.94979,182.44878c-7.5287-4.9516-15.025-9.9519-22.5402-14.9251l-13.4005.3049-5.5642.1268q-4.85325,3.57824-9.6767,7.1941c-4.134,3.079-8.2734,6.1471-12.3913,9.25029a1.6568,1.6568,0,0,0-.6827,1.06051c-.02419,4.1475.0162,8.2977.0405,12.5397.3994-.09711.7259-.1673,1.047-.259q13.61235-3.99105,27.2274-7.9794,1.6515-.4857,3.30291-.966a3.22735,3.22735,0,0,1,1.55429-.1268q16.24335,3.81285,32.4705,7.68239c.197-.1214.3967-.24009.5936-.3588-.2158-3.7158-.4857-7.42889-.6098-11.1474a2.64742,2.64742,0,0,0-1.3708-2.39619Z\" class=\"cls-1\"><\/path><path d=\"M0,147.20968l83.32279-32.9831,3.8291,46.2055h17.0002l3.8291-46.2055,83.32281,32.9831s-.04321-20.1115-.31031-25.8322c-.0189-.4102.027-.8231.0432-1.2359-.081-.1323-.1592-.2645-.2375-.394a8.94412,8.94412,0,0,1-.7798-.456q-9.84405-7.03905-19.6852-14.086-1.67985-1.20208-3.3569-2.4043L153.73079,93.319l-11.598-8.3005-1.9887-1.4221q-13.98075-10.00575-27.9668-20.0063l2.8253-34.0922a28.17663,28.17663,0,0,0-11.2579-24.9337l-4.555-3.392h0a5.92459,5.92459,0,0,0-7.0754,0h0l-4.555,3.392a28.17663,28.17663,0,0,0-11.2579,24.9337l2.8253,34.0922q-13.9848,9.9978-27.9668,20.0063l-1.9887,1.4221-11.598,8.3005-13.2467,9.48229q-1.6797,1.20226-3.3569,2.4043-9.84388,7.043-19.6852,14.086a8.94412,8.94412,0,0,1-.7798.456c-.0783.1295-.1565.2617-.2375.394.0162.4128.0621.8257.0432,1.2359C.04309,127.09818,0,147.20968,0,147.20968Z\" class=\"cls-1\"><\/path><\/g><\/g><\/g><\/g><\/svg><\/span><\/p>\n\n\n\n<h3 class=\"wp-block-heading\">Anreise mit dem Fugzeug<\/h3>\n\n\n\n<p>Hannover verf\u00fcgt \u00fcber einen Flughafen, der rund 30 km von dem Messegel\u00e4nde entfernt ist. Direkt am Flughafen gibt es eine S-Bahnhof f\u00fcr die Weiterfahrt.<\/p>\n\n\n\n<h3 class=\"wp-block-heading\">weiter mit der S-Bahn<\/h3>\n\n\n\n<p>Mit der Linie S5 gelangen Sie vom Flughafen bis zum Hannover Hauptbahnhof. Am Hauptbahnhof steigen Sie in die U-Bahn Linie U8 ein und fahren Richtung Messe Nord.<\/p>\n\n\n\n<h3 class=\"wp-block-heading\">weiter mit Taxi zum Messegel\u00e4nde<\/h3>\n\n\n\n<p>Sie k\u00f6nnen sich auch ein Taxi bestellen und sich damit vom Flughafen zur Messe fahren lassen. Rund 30 Minuten dauert die Fahrt, was vom Verkehrsaufkommen abh\u00e4ngig ist.<\/p>\n\n\n\n<p><strong>Kosten: rund 50\u20ac<\/strong><\/p>\n\n<\/div><\/div><\/div>\n\n<div class=\"gb-grid-column gb-grid-column-a35f7e1a\"><div class=\"gb-container gb-container-a35f7e1a\"><div class=\"gb-inside-container\">\n\n<p class=\"gb-headline gb-headline-513b9ce4\"><span class=\"gb-icon\"><svg viewBox=\"0 0 130.39322 197.99999\" xmlns=\"http:\/\/www.w3.org\/2000\/svg\"><defs><style>.cls-1{fill:#616161;}<\/style><\/defs><g data-name=\"Layer 2\" id=\"Layer_2\"><g data-name=\"Layer 1\" id=\"Layer_1-2\"><g id=\"NewGroupe3\"><g id=\"NewGroup1-4\"><path d=\"M115.71972,121.63139H15.007V55.26829h100.7127v66.3631Zm-12.1911,43.8727a12.19115,12.19115,0,1,1,12.1911-12.1912,12.19126,12.19126,0,0,1-12.1911,12.1912Zm-76.3304,0a12.19115,12.19115,0,1,1,12.1908-12.1912,12.19109,12.19109,0,0,1-12.1908,12.1912Zm94.5944-126.6556-4.2853-1.6738a143.28337,143.28337,0,0,0-35.2206-8.7959L65.49912,1.85939a3.9968,3.9968,0,1,0-6.7541,4.2755l13.5504,21.4058a145.27412,145.27412,0,0,0-17.7665.2146L38.13582,1.85939a3.9968,3.9968,0,1,0-6.7541,4.2755l14.2729,22.5477a143.133,143.133,0,0,0-33.0617,8.5816L8.5773,38.84079A13.095,13.095,0,0,0,0,50.896v118.3525c0,7.2227,6.2711,13.0779,14.00662,13.0779H17.008V194.559A3.45131,3.45131,0,0,0,20.449,198h18.5498a3.45112,3.45112,0,0,0,3.441-3.441v-12.2326h45.9704V194.559A3.45112,3.45112,0,0,0,91.85092,198h18.5499a3.45118,3.45118,0,0,0,3.4413-3.441v-12.2326h2.5445c7.7355,0,14.0066-5.8552,14.0066-13.0779V50.91329a13.09889,13.09889,0,0,0-8.6006-12.0648Z\" class=\"cls-1\"><\/path><\/g><\/g><\/g><\/g><\/svg><\/span><\/p>\n\n\n\n<h3 class=\"wp-block-heading\">Anreise mit dem Zug<\/h3>\n\n\n\n<p>Der zentral gelegenen Hauptbahnhof in Hannover ist von allen Richtungen aus mit der klimafreundlichen Bahn erreichbar. 10 km ist der Bahnhof vom Messegel\u00e4nde entfernt.<\/p>\n\n\n\n<h3 class=\"wp-block-heading\">weiter mit der U-Bahn<\/h3>\n\n\n\n<p>Am Bahnhof angekommen, k\u00f6nnen Sie weiter mit der U-Bahn fahren. Steigen Sie in die U8 ein und fahren bis zum Haltepunkt Messe\/Nord. Der Haltepunkt befindet sich direkt am Messegel\u00e4nde.<\/p>\n\n\n\n<h3 class=\"wp-block-heading\">weiter mit der S-Bahn<\/h3>\n\n\n\n<p>Es besteht auch die M\u00f6glichkeit, mit der S-Bahn 4 Richtung Hildesheim Hauptbahnhof bis zum Halt Messe\/Laatze zu fahren. 5 Gehminuten sind es bis zum Messeeingang.<\/p>\n\n\n\n<h3 class=\"wp-block-heading\">weiter mit dem Taxi<\/h3>\n\n\n\n<p>Oder lassen Sie sich von einem Taxi weitertransportieren. Mit ungef\u00e4hr <strong>25\u20ac<\/strong> m\u00fcssen Sie f\u00fcr die Fahrt m\u00fcssen Sie rechnen.<\/p>\n\n<\/div><\/div><\/div>\n<\/div>\n\n\n<hr class=\"wp-block-separator has-alpha-channel-opacity has-text-color has-background has-central-palette-1-background-color has-central-palette-1-color is-style-wide\" id=\"6\"\/>\n\n\n\n<h2 class=\"gb-headline gb-headline-27cab4df gb-headline-text\">Parken am Messegel\u00e4nde Hannover<\/h2>\n\n\n\n<p class=\"has-text-align-center\">An Parkpl\u00e4tzen mangelt es am gr\u00f6\u00dften Messegel\u00e4nde nicht. Es gibt \u00fcber 28.000 Stellfl\u00e4chen f\u00fcr die Fahrzeuge. Es gibt ein modernes Parkleitsystem, sodass Besucher z\u00fcgig zu den Parkpl\u00e4tzen finden.<\/p>\n\n\n<div class=\"gb-grid-wrapper gb-grid-wrapper-e58423c8\">\n<div class=\"gb-grid-column gb-grid-column-34bfa12c\"><div class=\"gb-container gb-container-34bfa12c\"><div class=\"gb-inside-container\">\n\n<h3 class=\"wp-block-heading\">Parkpl\u00e4tze Messe Nord<\/h3>\n\n\n\n<p>Am Eingang Messe Nord stehen den Besuchern zahlreiche Parkfl\u00e4chen (P1 bis P10) zur Verf\u00fcgung.<\/p>\n\n\n\n<p><strong>Kosten: zwischen 6 und 11\u20ac je nach Messe<\/strong><\/p>\n\n\n\n<h3 class=\"wp-block-heading\">Parkpl\u00e4tze Messe Ost<\/h3>\n\n\n\n<p>Im \u00f6stlichen Bereich gibt es ebenfalls eine Vielzahl an Parkpl\u00e4tzen (P11 \u2013 P19), die z\u00fcgig erreichbar sind.<\/p>\n\n\n\n<p><strong>Kosten: zwischen 6 und 11\u20ac je nach Messe<\/strong><\/p>\n\n<\/div><\/div><\/div>\n\n<div class=\"gb-grid-column gb-grid-column-f6fe2516\"><div class=\"gb-container gb-container-f6fe2516\"><div class=\"gb-inside-container\">\n\n<h3 class=\"wp-block-heading\">Parkpl\u00e4tze Messe S\u00fcd<\/h3>\n\n\n\n<p>Im s\u00fcdlichen Bereich der Messe Hannover stehen die Parkfl\u00e4chen P26 bis P33 zur Disposition.<\/p>\n\n\n\n<p><strong>Kosten: zwischen 6 und 11\u20ac je nach Messe<\/strong><\/p>\n\n\n\n<h3 class=\"wp-block-heading\">Parkpl\u00e4tze Messe West<\/h3>\n\n\n\n<p>Weitere Parkpl\u00e4tze gibt es im westlichen Bereich des Messegeb\u00e4udes. Es gibt die P34 bis P39 und den Parkplatz P45 zum Abstellen der Fahrzeuge.<\/p>\n\n\n\n<p><strong>Kosten: zwischen 6 und 11\u20ac je nach Messe<\/strong><\/p>\n\n<\/div><\/div><\/div>\n\n<div class=\"gb-grid-column gb-grid-column-c6dc10cb\"><div class=\"gb-container gb-container-c6dc10cb\"><div class=\"gb-inside-container\">\n\n<h3 class=\"wp-block-heading\">P+R Parkpl\u00e4tze am Stadtrand<\/h3>\n\n\n\n<p>Neben den kostenpflichtigen Parkpl\u00e4tzen gibt es auch kostenlose Parkfl\u00e4chen am Stadtrand, auf die Sie ausweichen k\u00f6nnen.<\/p>\n\n<\/div><\/div><\/div>\n<\/div>\n\n<div class=\"wp-block-image\">\n<figure class=\"aligncenter size-large\"><img decoding=\"async\" width=\"1200\" height=\"908\" src=\"https:\/\/trustpromotion.de\/wp-content\/uploads\/2020\/05\/Parkplan-Messe-Hannover-1200x908.jpg\" data-orig-src=\"https:\/\/trustpromotion.de\/wp-content\/uploads\/2020\/05\/Parkplan-Messe-Hannover-1200x908.jpg\" alt=\"\" class=\"lazyload wp-image-21720\" srcset=\"data:image\/svg+xml,%3Csvg%20xmlns%3D%27http%3A%2F%2Fwww.w3.org%2F2000%2Fsvg%27%20width%3D%271200%27%20height%3D%27908%27%20viewBox%3D%270%200%201200%20908%27%3E%3Crect%20width%3D%271200%27%20height%3D%27908%27%20fill-opacity%3D%220%22%2F%3E%3C%2Fsvg%3E\" data-srcset=\"https:\/\/trustpromotion.de\/wp-content\/uploads\/2020\/05\/Parkplan-Messe-Hannover-150x113.jpg 150w, https:\/\/trustpromotion.de\/wp-content\/uploads\/2020\/05\/Parkplan-Messe-Hannover-300x227.jpg 300w, https:\/\/trustpromotion.de\/wp-content\/uploads\/2020\/05\/Parkplan-Messe-Hannover-768x581.jpg 768w, https:\/\/trustpromotion.de\/wp-content\/uploads\/2020\/05\/Parkplan-Messe-Hannover-1200x908.jpg 1200w\" data-sizes=\"auto\" data-orig-sizes=\"(max-width: 1200px) 100vw, 1200px\" \/><\/figure>\n<\/div>\n\n\n<hr class=\"wp-block-separator has-alpha-channel-opacity has-text-color has-background has-central-palette-1-background-color has-central-palette-1-color is-style-wide\" id=\"7\"\/>\n\n\n\n<h2 class=\"gb-headline gb-headline-50b05cc8 gb-headline-text\">Hotels &amp; Motels&nbsp;<br>nahe dem Messegel\u00e4nde Hannover<\/h2>\n\n\n\n<figure class=\"wp-block-table is-style-stripes\"><table><thead><tr><th>Entfernung Messse Hannover<\/th><th>Kategorie<\/th><th>Name<\/th><th>Adresse<\/th><th>Preis<\/th><\/tr><\/thead><tbody><tr><td>0,7 km<\/td><td>4 Stern Hotel<\/td><td><a rel=\"noreferrer noopener\" href=\"https:\/\/www.radissonhotels.com\/de-de\/hotels\/radisson-blu-hannover\" target=\"_blank\">Radisson Blu Hotel Hannover<\/a><\/td><td>Expo Plaza 5, 30539 Hannover<\/td><td>ab 87\u20ac<\/td><\/tr><tr><td>0,6 km<\/td><td>4 Stern Hotel<\/td><td><a rel=\"noreferrer noopener\" href=\"https:\/\/www.bestwestern.at\/hotels\/Hannover\/Best-Western-Premier-Parkhotel-Kronsberg\" target=\"_blank\">Best Western Premier Parkhotel Kronsberg<\/a><\/td><td>Gut Kronsberg 1, 30539 Hannover<\/td><td>ab 124\u20ac<\/td><\/tr><tr><td>1,6 km<\/td><td>3 Stern Hotel<\/td><td><a rel=\"noreferrer noopener\" href=\"https:\/\/www.nearby.de\/\" target=\"_blank\">Hotel Near By<\/a><\/td><td>W\u00fcrzburger Str. 17, 30880 Laatzen<\/td><td>ab 55\u20ac<\/td><\/tr><tr><td>0,9 km<\/td><td>2 Stern Hotel<\/td><td>FRTG Expotel Hannover AG &amp; Co. KG<\/td><td>Augsburger Str. 2A, 30880 Laatzen<\/td><td>ab 50\u20ac<\/td><\/tr><tr><td>4,3 km<\/td><td>Hostel<\/td><td><a rel=\"noreferrer noopener\" href=\"https:\/\/www.bednbudget.de\/expo-hostel.html\" target=\"_blank\">Bed&#8217;nBudget Expo-Hostel<\/a><\/td><td>Hildesheimer Str. 380, 30519 Hannover<\/td><td>ab 40\u20ac<\/td><\/tr><\/tbody><\/table><\/figure>\n\n\n\n<hr class=\"wp-block-separator has-alpha-channel-opacity has-text-color has-background has-central-palette-1-background-color has-central-palette-1-color is-style-wide\" id=\"8\"\/>\n\n\n\n<h2 class=\"gb-headline gb-headline-1586542e gb-headline-text\">Promoter in Hannover<\/h2>\n\n\n\n\n\n<p class=\"gb-headline gb-headline-85a2b0cb gb-headline-text\"><strong>Hinweis:<\/strong> Promoterinformationen werden aktuell nicht in Englisch \u00fcbersetzt und stehen deshalb nur auf der deutschen Seite zur Verf\u00fcgung.<\/p>\n\n\n\n<hr class=\"wp-block-separator has-text-color has-central-palette-1-color has-css-opacity has-central-palette-1-background-color has-background is-style-wide\"\/>\n\n\n\n<h3 class=\"gb-headline gb-headline-9c94ab51 gb-headline-text\">Beste Unterst\u00fctzung f\u00fcr Ihren Messeauftritt?<\/h3>\n\n\n\n<p class=\"gb-headline gb-headline-141d6f08 gb-headline-text\">Unsere Messehost\/essen, Promoter und Servicekr\u00e4fte unterst\u00fctzen Sie in allen Bereichen.<\/p>\n\n\n<div class=\"gb-container gb-container-eab5a419\"><div class=\"gb-inside-container\">\n\n<h2 class=\"gb-headline gb-headline-d2e7598a gb-headline-text\">UNVERBINDLICH ANFRAGEN:<\/h2>\n\n\n<div class=\"gb-button-wrapper gb-button-wrapper-7c80a011\">\n\n<a class=\"gb-button gb-button-20ff3491 gb-button-text\" href=\"https:\/\/trustpromotion.de\/kontakt-angebot-anfordern\/\">zu Ihrem Angebot<\/a>\n\n<\/div>\n<\/div><\/div>\n<\/div><\/div>","protected":false},"excerpt":{"rendered":"<p>Messestadt Hannover &#8211; wichtige Informationen\u200b Messe Hannover: Adresse, Anreise, Parkm\u00f6glichkeiten,  &#8230;<\/p>","protected":false},"author":6,"featured_media":0,"parent":0,"menu_order":0,"comment_status":"closed","ping_status":"closed","template":"","meta":{"_improvement_type_select":"improve_an_existing","_thumb_yes_seoaic":false,"_frame_yes_seoaic":false,"seoaic_generate_description":"","seoaic_improve_instructions_prompt":"","seoaic_rollback_content_improvement":"","seoaic_idea_thumbnail_generator":"","thumbnail_generated":false,"thumbnail_generate_prompt":"","seoaic_article_description":"","footnotes":""},"p-category":[],"class_list":["post-21718","page","type-page","status-publish","hentry"],"_links":{"self":[{"href":"https:\/\/trustpromotion.de\/en\/wp-json\/wp\/v2\/pages\/21718","targetHints":{"allow":["GET"]}}],"collection":[{"href":"https:\/\/trustpromotion.de\/en\/wp-json\/wp\/v2\/pages"}],"about":[{"href":"https:\/\/trustpromotion.de\/en\/wp-json\/wp\/v2\/types\/page"}],"author":[{"embeddable":true,"href":"https:\/\/trustpromotion.de\/en\/wp-json\/wp\/v2\/users\/6"}],"replies":[{"embeddable":true,"href":"https:\/\/trustpromotion.de\/en\/wp-json\/wp\/v2\/comments?post=21718"}],"version-history":[{"count":0,"href":"https:\/\/trustpromotion.de\/en\/wp-json\/wp\/v2\/pages\/21718\/revisions"}],"wp:attachment":[{"href":"https:\/\/trustpromotion.de\/en\/wp-json\/wp\/v2\/media?parent=21718"}],"wp:term":[{"taxonomy":"p-category","embeddable":true,"href":"https:\/\/trustpromotion.de\/en\/wp-json\/wp\/v2\/p-category?post=21718"}],"curies":[{"name":"wp","href":"https:\/\/api.w.org\/{rel}","templated":true}]}}