{"id":21763,"date":"2019-12-22T20:59:54","date_gmt":"2019-12-22T19:59:54","guid":{"rendered":"https:\/\/staging.trustpromotion.info\/?page_id=21763"},"modified":"2024-06-24T10:27:15","modified_gmt":"2024-06-24T08:27:15","slug":"messestadt-stuttgart","status":"publish","type":"page","link":"https:\/\/trustpromotion.de\/en\/trade-fair-city-of-stuttgart\/","title":{"rendered":"Trade fair city of Stuttgart"},"content":{"rendered":"<div class=\"gb-container gb-container-72eb9347 gb-container-main-container\"><div class=\"gb-inside-container\">\n\n<h1 class=\"gb-headline gb-headline-4a8149ee gb-headline-text\" id=\"1\">Messestadt Stuttgart &#8211; wichtige Informationen\u200b<\/h1>\n\n\n\n<h2 class=\"gb-headline gb-headline-a2d33765 gb-headline-text\">Messe Stuttgart: Adresse, Anreise, Parkm\u00f6glichkeiten, Hotels und Tipps\u200b<\/h2>\n\n\n<div class=\"gb-grid-wrapper gb-grid-wrapper-b95d5d84\">\n<div class=\"gb-grid-column gb-grid-column-6dcc197c\"><div class=\"gb-container gb-container-6dcc197c\"><div class=\"gb-inside-container\">\n\n<p>Am zehntgr\u00f6\u00dften Messestandorts Deutschland gibt es eine interessante Mischung an Leitmessen, Publikumsmessen und Fachmessen f\u00fcr die Besucher. Die Messe Stuttgart richtet rund 70 Veranstaltungen unterschiedlichster Branchen j\u00e4hrlich aus.<\/p>\n\n\n\n<p>Zu den bekannten Veranstaltungen am Messestandort Stuttgart geh\u00f6ren die Leitmesse CMT, die Weltleitemesse R+T und die Messe VISION. Doch auch weitere Veranstaltungen wie Intervitis und die Global Connect finden statt.<\/p>\n\n\n\n<p>Es gibt eine Ausstellungsfl\u00e4che von 120.000 m\u00b2. Insgesamt sind 10 Messehallen vorhanden. Au\u00dferdem gibt es das ICS Internationales Congresscenter mit 33 R\u00e4umen f\u00fcr Events. Erw\u00e4hnenswert ist das Freigel\u00e4nde f\u00fcr Open-Air-Veranstaltungen.<\/p>\n\n\n\n<ul class=\"wp-block-list\">\n<li><a href=\"https:\/\/www.messe-stuttgart.de\/cmt\/\" target=\"_blank\" rel=\"noreferrer noopener\">CMT<\/a>&nbsp;\u2013 als weltweit gr\u00f6\u00dfte Publikumsmesse f\u00fcr Freizeit und Tourismus mit \u00fcber 2.100 Ausstellern<\/li>\n\n\n\n<li><a href=\"https:\/\/www.messe-stuttgart.de\/r-t\/\" target=\"_blank\" rel=\"noreferrer noopener\">R+T<\/a>&nbsp;\u2013 als Weltleitmesse f\u00fcr Tore, Sonnenschutz und Rolladen mit \u00fcber 65.000 Besuchern<\/li>\n\n\n\n<li><a href=\"https:\/\/www.messe-stuttgart.de\/vision\/\" target=\"_blank\" rel=\"noreferrer noopener\">VISION<\/a>&nbsp;\u2013 als Weltleitmesse f\u00fcr Bildverarbeitung mit \u00fcber 460 Ausstellern<\/li>\n<\/ul>\n\n<\/div><\/div><\/div>\n\n<div class=\"gb-grid-column gb-grid-column-5eee09e3\"><div class=\"gb-container gb-container-5eee09e3\"><div class=\"gb-inside-container\">\n\n<h3 class=\"gb-headline gb-headline-89e68221 gb-headline-text\">Inhaltsverzeichnis<\/h3>\n\n\n<div class=\"gb-container gb-container-6bdfccc8\"><div class=\"gb-inside-container\">\n\n<ol class=\"smooth-scroll wp-block-list\">\n<li><a href=\"#1\">Messe Stuttgart: Adresse, Anreise, Parkm\u00f6glichkeiten, Hotels und Tipps\u200b<\/a><\/li>\n\n\n\n<li><a href=\"#2\">aktuelle Messetermine<\/a><\/li>\n\n\n\n<li><a href=\"#3\">Adressen der Messen <\/a><\/li>\n\n\n\n<li><a href=\"#4\">Weitere Messe- &amp; Kongressstandorte <\/a><\/li>\n\n\n\n<li><a href=\"#5\">Anfahrt &amp; Anreise<\/a><\/li>\n\n\n\n<li><a href=\"#6\">Parken am Messegel\u00e4nde<\/a><\/li>\n\n\n\n<li><a href=\"#7\">Hotels &amp; Motels nahe Messegel\u00e4nde<\/a><\/li>\n\n\n\n<li><a href=\"#8\">Promoter aus Stuttgart<\/a><\/li>\n<\/ol>\n\n<\/div><\/div>\n<\/div><\/div><\/div>\n<\/div>\n\n\n<hr class=\"wp-block-separator has-alpha-channel-opacity has-text-color has-background has-central-palette-1-background-color has-central-palette-1-color is-style-wide\" id=\"2\"\/>\n\n\n\n<h2 class=\"gb-headline gb-headline-15e6a7b1 gb-headline-text\">Aktuelle Messetermine\u200b in Stuttgart<\/h2>\n\n\n\t\t\t\t\t\t\t\t\t\t\t\t\t\t<div class=\"uk-margin-top messen-items\">\n\t\t\t\t\t\t<a href=\"https:\/\/trustpromotion.de\/en\/messen\/haus-bau-energie-stuttgart\/\" class=\"uk-link-reset\" uk-grid>\n\t<div class=\"uk-width-1-1 uk-width-1-3@s uk-width-1-4@m \">\n\t\t<img class=\"lazyload\" data-src=\"https:\/\/trustpromotion.de\/wp-content\/uploads\/2020\/04\/Trustpromotion-Messekalender-Logo-HAUS-BAU-ENERGIE-Donaueschingen.gif\" width=\"100%\"  alt=\"\" uk-img>\n\t<\/div>\t\n\t<div class=\"uk-width-1-1 uk-width-2-3@s uk-width-3-4@m\">\n\t\t<h2>HAUS | BAU | ENERGIE Stuttgart<\/h2>\n\t\t<div>bauen, modernisieren, energiesparen<\/div>\n\t\t<div>Messe Stuttgart (Landesmesse)<\/div>\n\t\t<div>21.04.2022 - 24.04.2022<\/div><br>\n\t\t\n\t<\/div>\n<\/a>\n\n\t\t\t\t\t\t<a href=\"https:\/\/trustpromotion.de\/en\/messen\/industrieforum-digitaler-mittelstand\/\" class=\"uk-link-reset\" uk-grid>\n\t<div class=\"uk-width-1-1 uk-width-1-3@s uk-width-1-4@m \">\n\t\t<img class=\"lazyload\" data-src=\"https:\/\/trustpromotion.de\/wp-content\/uploads\/2022\/02\/TrustPromotion-Messekalender-Logo-19921-Industrieforum-Digitaler-Mittelstand.png\" width=\"100%\"  alt=\"\" uk-img>\n\t<\/div>\t\n\t<div class=\"uk-width-1-1 uk-width-2-3@s uk-width-3-4@m\">\n\t\t<h2>Industrieforum Digitaler Mittelstand<\/h2>\n\t\t<div>Die Digitalisierungskonferenz f\u00fcr den deutschen Mittelstand<\/div>\n\t\t<div>ICS Stuttgart<\/div>\n\t\t<div>14.06.2022 - 15.06.2022<\/div><br>\n\t\t\n\t<\/div>\n<\/a>\n\n\t\t\t\t\t\t<a href=\"https:\/\/trustpromotion.de\/en\/messen\/haus-holz-energie-stuttgart\/\" class=\"uk-link-reset\" uk-grid>\n\t<div class=\"uk-width-1-1 uk-width-1-3@s uk-width-1-4@m \">\n\t\t<img class=\"lazyload\" data-src=\"https:\/\/trustpromotion.de\/wp-content\/uploads\/2020\/04\/Trustpromotion-Messekalender-Logo-HAUS-HOLZ-ENERGIE-Stuttgart.gif\" width=\"100%\"  alt=\"\" uk-img>\n\t<\/div>\t\n\t<div class=\"uk-width-1-1 uk-width-2-3@s uk-width-3-4@m\">\n\t\t<h2>HAUS | HOLZ | ENERGIE Stuttgart<\/h2>\n\t\t<div>Die Messe f\u00fcr Hausbesitzer, Bauherren und Modernisierer<\/div>\n\t\t<div>Messe Stuttgart (Landesmesse)<\/div>\n\t\t<div>13.04.2023 - 16.04.2023<\/div>\t\t<div> <p style=\"color:red;\">Termin abgesagt!<\/p><\/div><br>\n\t\t\n\t<\/div>\n<\/a>\n\n\t\t\t\t\t\t<a href=\"https:\/\/trustpromotion.de\/en\/messen\/job40plus-stuttgart-fruehjahr\/\" class=\"uk-link-reset\" uk-grid>\n\t<div class=\"uk-width-1-1 uk-width-1-3@s uk-width-1-4@m \">\n\t\t<img class=\"lazyload\" data-src=\"https:\/\/trustpromotion.de\/wp-content\/uploads\/2020\/04\/Trustpromotion-Messekalender-Logo-job40plus-M\u00fcnchen-Fr\u00fchjahr.png\" width=\"100%\"  alt=\"\" uk-img>\n\t<\/div>\t\n\t<div class=\"uk-width-1-1 uk-width-2-3@s uk-width-3-4@m\">\n\t\t<h2>job40plus Stuttgart Fr\u00fchjahr<\/h2>\n\t\t<div>Jobmesse f\u00fcr IT(-Consulting) \/ Engineering (inkl. Bau) \/ Finance, Versicherungen & Handel<\/div>\n\t\t<div>Haus der Wirtschaft<\/div>\n\t\t<div>04.05.2023 - 04.05.2023<\/div><br>\n\t\t\n\t<\/div>\n<\/a>\n\n\t\t\t\t\t\t<a href=\"https:\/\/trustpromotion.de\/en\/messen\/it-day-stuttgart\/\" class=\"uk-link-reset\" uk-grid>\n\t<div class=\"uk-width-1-1 uk-width-1-3@s uk-width-1-4@m \">\n\t\t<img class=\"lazyload\" data-src=\"https:\/\/trustpromotion.de\/wp-content\/uploads\/2020\/04\/Trustpromotion-Messekalender-Logo-IT-Day-Stuttgart.gif\" width=\"100%\"  alt=\"\" uk-img>\n\t<\/div>\t\n\t<div class=\"uk-width-1-1 uk-width-2-3@s uk-width-3-4@m\">\n\t\t<h2>IT Day Stuttgart<\/h2>\n\t\t<div>Das Informatik-Fachforum<\/div>\n\t\t<div>GENO-Haus Stuttgart<\/div>\n\t\t<div>05.05.2023 - 05.05.2023<\/div><br>\n\t\t\n\t<\/div>\n<\/a>\n\n\t\t\t\t\t\t<a href=\"https:\/\/trustpromotion.de\/en\/messen\/green-world-tour-stuttgart\/\" class=\"uk-link-reset\" uk-grid>\n\t<div class=\"uk-width-1-1 uk-width-1-3@s uk-width-1-4@m \">\n\t\t<img class=\"lazyload\" data-src=\"https:\/\/trustpromotion.de\/wp-content\/uploads\/2020\/04\/Trustpromotion-Messekalender-Logo-Green-World-Tour-Berlin.gif\" width=\"100%\"  alt=\"\" uk-img>\n\t<\/div>\t\n\t<div class=\"uk-width-1-1 uk-width-2-3@s uk-width-3-4@m\">\n\t\t<h2>Green World Tour Stuttgart<\/h2>\n\t\t<div>Messe f\u00fcr nachhaltige Produkte, Technologien und Konzepte<\/div>\n\t\t<div>Kulturhaus Arena<\/div>\n\t\t<div>06.05.2023 - 07.05.2023<\/div><br>\n\t\t\n\t<\/div>\n<\/a>\n\n\t\t\t\t\t\t<a href=\"https:\/\/trustpromotion.de\/en\/messen\/the-hall-of-vape-stuttgart\/\" class=\"uk-link-reset\" uk-grid>\n\t<div class=\"uk-width-1-1 uk-width-1-3@s uk-width-1-4@m \">\n\t\t<img class=\"lazyload\" data-src=\"https:\/\/trustpromotion.de\/wp-content\/uploads\/2020\/04\/Trustpromotion-Messekalender-Logo-The-Hall-of-Vape-Hamburg.gif\" width=\"100%\"  alt=\"\" uk-img>\n\t<\/div>\t\n\t<div class=\"uk-width-1-1 uk-width-2-3@s uk-width-3-4@m\">\n\t\t<h2>THE HALL OF VAPE STUTTGART<\/h2>\n\t\t<div>Deutschlands gr\u00f6\u00dfte Fach- und Publikumsmesse rund um die E-Zigarette<\/div>\n\t\t<div>Messe Stuttgart (Landesmesse)<\/div>\n\t\t<div>06.05.2023 - 07.05.2023<\/div><br>\n\t\t\n\t<\/div>\n<\/a>\n\n\t\t\t\t\t\t<a href=\"https:\/\/trustpromotion.de\/en\/messen\/control\/\" class=\"uk-link-reset\" uk-grid>\n\t<div class=\"uk-width-1-1 uk-width-1-3@s uk-width-1-4@m \">\n\t\t<img class=\"lazyload\" data-src=\"https:\/\/trustpromotion.de\/wp-content\/uploads\/2020\/04\/Trustpromotion-Messekalender-Logo-Diva.jpg\" width=\"100%\"  alt=\"\" uk-img>\n\t<\/div>\t\n\t<div class=\"uk-width-1-1 uk-width-2-3@s uk-width-3-4@m\">\n\t\t<h2>Control<\/h2>\n\t\t<div>Die internationale Fachmesse f\u00fcr Qualit\u00e4tssicherung<\/div>\n\t\t<div>Messe Stuttgart (Landesmesse)<\/div>\n\t\t<div>09.05.2023 - 12.05.2023<\/div><br>\n\t\t\n\t<\/div>\n<\/a>\n\n\t\t\t\t\t\t<a href=\"https:\/\/trustpromotion.de\/en\/messen\/corporate-health-convention-stuttgart\/\" class=\"uk-link-reset\" uk-grid>\n\t<div class=\"uk-width-1-1 uk-width-1-3@s uk-width-1-4@m \">\n\t\t<img class=\"lazyload\" data-src=\"https:\/\/trustpromotion.de\/wp-content\/uploads\/2020\/04\/Trustpromotion-Messekalender-Logo-Corporate-Health-Convention-Stuttgart.gif\" width=\"100%\"  alt=\"\" uk-img>\n\t<\/div>\t\n\t<div class=\"uk-width-1-1 uk-width-2-3@s uk-width-3-4@m\">\n\t\t<h2>Corporate Health Convention Stuttgart<\/h2>\n\t\t<div>Europ\u00e4ische Fachmesse f\u00fcr betriebliche Gesundheitsf\u00f6rderung und Demografie<\/div>\n\t\t<div>Messe Stuttgart (Landesmesse)<\/div>\n\t\t<div>09.05.2023 - 10.05.2023<\/div><br>\n\t\t\n\t<\/div>\n<\/a>\n\n\t\t\t\t\t\t<a href=\"https:\/\/trustpromotion.de\/en\/messen\/zukunft-personal-sued\/\" class=\"uk-link-reset\" uk-grid>\n\t<div class=\"uk-width-1-1 uk-width-1-3@s uk-width-1-4@m \">\n\t\t<img class=\"lazyload\" data-src=\"https:\/\/trustpromotion.de\/wp-content\/uploads\/2020\/04\/Trustpromotion-Messekalender-Logo-Zukunft-Personal-S\u00fcd.png\" width=\"100%\"  alt=\"\" uk-img>\n\t<\/div>\t\n\t<div class=\"uk-width-1-1 uk-width-2-3@s uk-width-3-4@m\">\n\t\t<h2>Zukunft Personal S\u00fcd<\/h2>\n\t\t<div>das f\u00fchrende Expoevent rund um die Welt der Arbeit in S\u00fcddeutschland<\/div>\n\t\t<div>Messe Stuttgart (Landesmesse)<\/div>\n\t\t<div>09.05.2023 - 10.05.2023<\/div><br>\n\t\t\n\t<\/div>\n<\/a>\n\n\t\t\t\t\t\t<a href=\"https:\/\/trustpromotion.de\/en\/messen\/automotive-topcareer\/\" class=\"uk-link-reset\" uk-grid>\n\t<div class=\"uk-width-1-1 uk-width-1-3@s uk-width-1-4@m \">\n\t\t<img class=\"lazyload\" data-src=\"https:\/\/trustpromotion.de\/wp-content\/uploads\/2022\/03\/TrustPromotion-Messekalender-Logo-17052-automotive-TopCareer.png\" width=\"100%\"  alt=\"\" uk-img>\n\t<\/div>\t\n\t<div class=\"uk-width-1-1 uk-width-2-3@s uk-width-3-4@m\">\n\t\t<h2>automotive TopCareer<\/h2>\n\t\t<div>Die Karrieremesse der Automobil- und Mobilit\u00e4tsbranche<\/div>\n\t\t<div>Wagenhallen Stuttgart<\/div>\n\t\t<div>11.05.2023 - 11.05.2023<\/div><br>\n\t\t\n\t<\/div>\n<\/a>\n\n\t\t\t\t\t\t<a href=\"https:\/\/trustpromotion.de\/en\/messen\/electric-hybrid-vehicle-technology-expo-europe\/\" class=\"uk-link-reset\" uk-grid>\n\t<div class=\"uk-width-1-1 uk-width-1-3@s uk-width-1-4@m \">\n\t\t<img class=\"lazyload\" data-src=\"https:\/\/trustpromotion.de\/wp-content\/uploads\/2020\/04\/Trustpromotion-Messekalender-Logo-electric-hybrid-vehicle-technology-expo-europe.gif\" width=\"100%\"  alt=\"\" uk-img>\n\t<\/div>\t\n\t<div class=\"uk-width-1-1 uk-width-2-3@s uk-width-3-4@m\">\n\t\t<h2>electric &#038; hybrid vehicle technology expo europe<\/h2>\n\t\t<div>Fachmesse f\u00fcr Elektro- & Hybridfahrzeuge<\/div>\n\t\t<div>Messe Stuttgart (Landesmesse)<\/div>\n\t\t<div>23.05.2023 - 25.05.2023<\/div><br>\n\t\t\n\t<\/div>\n<\/a>\n\n\t\t\t\t\t\t<a href=\"https:\/\/trustpromotion.de\/en\/messen\/the-battery-show-europe\/\" class=\"uk-link-reset\" uk-grid>\n\t<div class=\"uk-width-1-1 uk-width-1-3@s uk-width-1-4@m \">\n\t\t<img class=\"lazyload\" data-src=\"https:\/\/trustpromotion.de\/wp-content\/uploads\/2020\/04\/Trustpromotion-Messekalender-Logo-THE-BATTERY-SHOW-EUROPE.png\" width=\"100%\"  alt=\"\" uk-img>\n\t<\/div>\t\n\t<div class=\"uk-width-1-1 uk-width-2-3@s uk-width-3-4@m\">\n\t\t<h2>THE BATTERY SHOW EUROPE<\/h2>\n\t\t<div>Ausstellung und Konferenz<\/div>\n\t\t<div>Messe Stuttgart (Landesmesse)<\/div>\n\t\t<div>23.05.2023 - 25.05.2023<\/div><br>\n\t\t\n\t<\/div>\n<\/a>\n\n\t\t\t\t\t\t<a href=\"https:\/\/trustpromotion.de\/en\/messen\/heise-jobs-it-tag-stuttgart\/\" class=\"uk-link-reset\" uk-grid>\n\t<div class=\"uk-width-1-1 uk-width-1-3@s uk-width-1-4@m \">\n\t\t<img class=\"lazyload\" data-src=\"https:\/\/trustpromotion.de\/wp-content\/uploads\/2022\/02\/TrustPromotion-Messekalender-Logo-21996-IT-Jobtag-Koln.png\" width=\"100%\"  alt=\"\" uk-img>\n\t<\/div>\t\n\t<div class=\"uk-width-1-1 uk-width-2-3@s uk-width-3-4@m\">\n\t\t<h2>heise Jobs IT Tag Stuttgart<\/h2>\n\t\t<div>Jobmesse und Jobevent im IT & MINT Bereich<\/div>\n\t\t<div>Industrie- und Handelskammer IHK Region Stuttgart<\/div>\n\t\t<div>06.06.2023 - 06.06.2023<\/div><br>\n\t\t\n\t<\/div>\n<\/a>\n\n\t\t\t\t\t\t<a href=\"https:\/\/trustpromotion.de\/en\/messen\/automotive-testing-expo-europe\/\" class=\"uk-link-reset\" uk-grid>\n\t<div class=\"uk-width-1-1 uk-width-1-3@s uk-width-1-4@m \">\n\t\t<img class=\"lazyload\" data-src=\"https:\/\/trustpromotion.de\/wp-content\/uploads\/2020\/04\/Trustpromotion-Messekalender-Logo-Automotive-Testing-Expo-Europe.gif\" width=\"100%\"  alt=\"\" uk-img>\n\t<\/div>\t\n\t<div class=\"uk-width-1-1 uk-width-2-3@s uk-width-3-4@m\">\n\t\t<h2>Automotive Testing Expo Europe<\/h2>\n\t\t<div>Internationale Fachmesse f\u00fcr Test-, Pr\u00fcf- und Entwicklungsverfahren in der Automobilindustrie<\/div>\n\t\t<div>Messe Stuttgart (Landesmesse)<\/div>\n\t\t<div>13.06.2023 - 15.06.2023<\/div><br>\n\t\t\n\t<\/div>\n<\/a>\n\n\t\t\t\t\t\t<a href=\"https:\/\/trustpromotion.de\/en\/messen\/moulding-expo\/\" class=\"uk-link-reset\" uk-grid>\n\t<div class=\"uk-width-1-1 uk-width-1-3@s uk-width-1-4@m \">\n\t\t<img class=\"lazyload\" data-src=\"https:\/\/trustpromotion.de\/wp-content\/uploads\/2020\/04\/Trustpromotion-Messekalender-Logo-MOULDING-EXPO.gif\" width=\"100%\"  alt=\"\" uk-img>\n\t<\/div>\t\n\t<div class=\"uk-width-1-1 uk-width-2-3@s uk-width-3-4@m\">\n\t\t<h2>MOULDING EXPO<\/h2>\n\t\t<div>Internationale Fachmesse f\u00fcr Werkzeug-, Modell- und Formenbau<\/div>\n\t\t<div>Messe Stuttgart (Landesmesse)<\/div>\n\t\t<div>13.06.2023 - 16.06.2023<\/div><br>\n\t\t\n\t<\/div>\n<\/a>\n\n\t\t\t\t\t\t<a href=\"https:\/\/trustpromotion.de\/en\/messen\/regionaler-absolventenkongress-stuttgart\/\" class=\"uk-link-reset\" uk-grid>\n\t<div class=\"uk-width-1-1 uk-width-1-3@s uk-width-1-4@m \">\n\t\t<img class=\"lazyload\" data-src=\"https:\/\/trustpromotion.de\/wp-content\/uploads\/2020\/11\/Trustpromotion-Messekalender-Logo-Absolventenkongress-Baden-Wuerttemberg.png\" width=\"100%\"  alt=\"\" uk-img>\n\t<\/div>\t\n\t<div class=\"uk-width-1-1 uk-width-2-3@s uk-width-3-4@m\">\n\t\t<h2>Regionaler Absolventenkongress Stuttgart<\/h2>\n\t\t<div>Jobmesse f\u00fcr Studenten, Absolventen und Young Professionals<\/div>\n\t\t<div>Kultur- & Kongresszentrum Liederhalle<\/div>\n\t\t<div>14.06.2023 - 14.06.2023<\/div><br>\n\t\t\n\t<\/div>\n<\/a>\n\n\t\t\t\t\t\t<a href=\"https:\/\/trustpromotion.de\/en\/messen\/media-tasting\/\" class=\"uk-link-reset\" uk-grid>\n\t<div class=\"uk-width-1-1 uk-width-1-3@s uk-width-1-4@m \">\n\t\t<img class=\"lazyload\" data-src=\"https:\/\/trustpromotion.de\/wp-content\/uploads\/2022\/04\/TrustPromotion-Messekalender-Logo-22086-Media-Tasting.png\" width=\"100%\"  alt=\"\" uk-img>\n\t<\/div>\t\n\t<div class=\"uk-width-1-1 uk-width-2-3@s uk-width-3-4@m\">\n\t\t<h2>Media Tasting<\/h2>\n\t\t<div>Neue Allianzen<\/div>\n\t\t<div>Im Wizemann<\/div>\n\t\t<div>22.06.2023 - 22.06.2023<\/div><br>\n\t\t\n\t<\/div>\n<\/a>\n\n\t\t\t\t\t\t<a href=\"https:\/\/trustpromotion.de\/en\/messen\/vdi-nachrichten-recruiting-tag-stuttgart\/\" class=\"uk-link-reset\" uk-grid>\n\t<div class=\"uk-width-1-1 uk-width-1-3@s uk-width-1-4@m \">\n\t\t<img class=\"lazyload\" data-src=\"https:\/\/trustpromotion.de\/wp-content\/uploads\/2020\/04\/Trustpromotion-Messekalender-Logo-VDI-nachrichten-Recruiting-Tag-D\u00fcsseldorf.gif\" width=\"100%\"  alt=\"\" uk-img>\n\t<\/div>\t\n\t<div class=\"uk-width-1-1 uk-width-2-3@s uk-width-3-4@m\">\n\t\t<h2>VDI nachrichten Recruiting Tag Stuttgart<\/h2>\n\t\t<div>Die Karrieremesse f\u00fcr stellensuchende und wechselwillige Ingenieure<\/div>\n\t\t<div>Kultur- & Kongresszentrum Liederhalle<\/div>\n\t\t<div>22.06.2023 - 22.06.2023<\/div><br>\n\t\t\n\t<\/div>\n<\/a>\n\n\t\t\t\t\t\t<a href=\"https:\/\/trustpromotion.de\/en\/messen\/bonding-firmenkontaktmesse-stuttgart\/\" class=\"uk-link-reset\" uk-grid>\n\t<div class=\"uk-width-1-1 uk-width-1-3@s uk-width-1-4@m \">\n\t\t<img class=\"lazyload\" data-src=\"https:\/\/trustpromotion.de\/wp-content\/uploads\/2020\/04\/Trustpromotion-Messekalender-Logo-bonding-Firmenkontaktmesse-Dresden.gif\" width=\"100%\"  alt=\"\" uk-img>\n\t<\/div>\t\n\t<div class=\"uk-width-1-1 uk-width-2-3@s uk-width-3-4@m\">\n\t\t<h2>bonding Firmenkontaktmesse Stuttgart<\/h2>\n\t\t<div>Messe von Studenten f\u00fcr Studenten<\/div>\n\t\t<div>Universit\u00e4t Stuttgart - Universit\u00e4tsbereich Vaihingen<\/div>\n\t\t<div>27.06.2023 - 29.06.2023<\/div><br>\n\t\t\n\t<\/div>\n<\/a>\n\n\t\t\t\t\t\t<a href=\"https:\/\/trustpromotion.de\/en\/messen\/jubi-stuttgart-die-jugendbildungsmesse\/\" class=\"uk-link-reset\" uk-grid>\n\t<div class=\"uk-width-1-1 uk-width-1-3@s uk-width-1-4@m \">\n\t\t<img class=\"lazyload\" data-src=\"https:\/\/trustpromotion.de\/wp-content\/uploads\/2020\/04\/Trustpromotion-Messekalender-Logo-JuBi-K\u00f6ln-1-Die-JugendBildungsmesse.gif\" width=\"100%\"  alt=\"\" uk-img>\n\t<\/div>\t\n\t<div class=\"uk-width-1-1 uk-width-2-3@s uk-width-3-4@m\">\n\t\t<h2>JuBi Stuttgart &#8211; Die JugendBildungsmesse<\/h2>\n\t\t<div>Messe f\u00fcr Schule, Reisen, Lernen und Leben im Ausland<\/div>\n\t\t<div>Geschwister-Scholl-Gymnasium<\/div>\n\t\t<div>01.07.2023 - 01.07.2023<\/div><br>\n\t\t\n\t<\/div>\n<\/a>\n\n\t\t\t\t\t\t<a href=\"https:\/\/trustpromotion.de\/en\/messen\/vocatium-stuttgart\/\" class=\"uk-link-reset\" uk-grid>\n\t<div class=\"uk-width-1-1 uk-width-1-3@s uk-width-1-4@m \">\n\t\t<img class=\"lazyload\" data-src=\"https:\/\/trustpromotion.de\/wp-content\/uploads\/2020\/04\/Trustpromotion-Messekalender-Logo-vocatium-Flensburg.gif\" width=\"100%\"  alt=\"\" uk-img>\n\t<\/div>\t\n\t<div class=\"uk-width-1-1 uk-width-2-3@s uk-width-3-4@m\">\n\t\t<h2>vocatium Stuttgart<\/h2>\n\t\t<div>Fachmesse f\u00fcr Ausbildung+Studium<\/div>\n\t\t<div>Hanns-Martin-Schleyer-Halle<\/div>\n\t\t<div>06.07.2023 - 07.07.2023<\/div><br>\n\t\t\n\t<\/div>\n<\/a>\n\n\t\t\t\t\t\t<a href=\"https:\/\/trustpromotion.de\/en\/messen\/karrieretag-familienunternehmen-bei-wolff-mueller\/\" class=\"uk-link-reset\" uk-grid>\n\t<div class=\"uk-width-1-1 uk-width-1-3@s uk-width-1-4@m \">\n\t\t<img class=\"lazyload\" data-src=\"https:\/\/trustpromotion.de\/wp-content\/uploads\/2021\/11\/Trustpromotion-Messekalender-Logo-Karrieretag-Familienunternehmen-bei-der-Wuerth-Gruppe.png\" width=\"100%\"  alt=\"\" uk-img>\n\t<\/div>\t\n\t<div class=\"uk-width-1-1 uk-width-2-3@s uk-width-3-4@m\">\n\t\t<h2>Karrieretag Familienunternehmen bei WOLFF &#038; M\u00dcLLER<\/h2>\n\t\t<div>Die Recruiting- und Kontaktmesse f\u00fcr Ihre Karriere im Familienunternehmen<\/div>\n\t\t<div>WOLFF & M\u00dcLLER Holding<\/div>\n\t\t<div>07.07.2023 - 07.07.2023<\/div><br>\n\t\t\n\t<\/div>\n<\/a>\n\n\t\t\t\t\t\t<a href=\"https:\/\/trustpromotion.de\/en\/messen\/home-garden-stuttgart\/\" class=\"uk-link-reset\" uk-grid>\n\t<div class=\"uk-width-1-1 uk-width-1-3@s uk-width-1-4@m \">\n\t\t<img class=\"lazyload\" data-src=\"https:\/\/trustpromotion.de\/wp-content\/uploads\/2020\/11\/Trustpromotion-Messekalender-Logo-Home-Garden-Berlin.png\" width=\"100%\"  alt=\"\" uk-img>\n\t<\/div>\t\n\t<div class=\"uk-width-1-1 uk-width-2-3@s uk-width-3-4@m\">\n\t\t<h2>HOME &#038; GARDEN Stuttgart<\/h2>\n\t\t<div>Ausstellung f\u00fcr exklusiven Lebensgenuss<\/div>\n\t\t<div>Schloss Solitude<\/div>\n\t\t<div>17.08.2023 - 20.08.2023<\/div><br>\n\t\t\n\t<\/div>\n<\/a>\n\n\t\t\t\t\t\t<\/div>\n\t\t\t<div id=\"more-items-container\"><\/div><a href=\"javascript:void(0);\" \n   class=\"load-more\" \n   data-target=\".messen-items\" \n   data-container=\"#more-items-container\" \n   data-no_paging_url=\"\" \n   data-hasmore=\"true\" \n   data-total=\"4\" \n   data-next=\"2\">\n\t+ weitere laden<span uk-spinner=\"ratio:.5;\" class=\"uk-margin-small-left uk-hidden\"><\/span>\n<\/a>\n\t\t\t\n<script>window.onload = (event) => {\n\t(function($){\n\t\t\/\/ disable load more button when attribute dictates there are no more pages\n\t\t$( '.load-more' ).each( function( item ) { if ($(this).attr( 'data-hasmore' ) == 'false') { $(this).remove(); }; } );\n\t\t$( 'body' ).on( 'click' , '.load-more' , function() {\n\t\t\tconst $this = $( this );\n\t\t\t$this.find( \"[uk-spinner]\" ).removeClass( 'uk-hidden' );\n\t\t\tvar next = parseInt($this.attr( 'data-next' )),\n\t\t\t\ttotal = parseInt($this.attr( 'data-total' )); \n\t\t\tvar url = $this.data( 'no_paging_url' );\n\t\t\t\/\/ when no_paging_url is a ?s={searchstring} url \n\t\t\tif ( $this.data( 'no_paging_url' ).includes( '?s=' ) ) {\n\t\t\t\turl = url.replace( '?s=' , `page\/${next}\/?s=` );\n\t\t\t} else {\n\t\t\t\turl += `page\/${next}\/`;\n\t\t\t}\n\t\t\t$( $this.data( 'container' ) ).load( `${url} .messen-items > a` , function() {\n\t\t\t\t\/\/ now move the items from the target to the \n\t\t\t\t$($this.data( 'target' )).append( $($this.data( 'container' )).html() );\n\t\t\t\t$($this.data( 'container' )).html( \"\" );\n\t\t\t\t\/\/ remove if we're already on the last item\n\t\t\t\tif ( next == total ) {\n\t\t\t\t\t$this.remove();\n\t\t\t\t\treturn;\n\t\t\t\t} else {\n\t\t\t\t\t$this.attr( \"data-next\" , next + 1 );\n\t\t\t\t}\n\t\t\t$this.find( \"[uk-spinner]\" ).addClass( 'uk-hidden' );\n\t\t\t} );\n\t\t} );\n\t})(jQuery);\t\n}\n<\/script>\n\n\n\n<p class=\"gb-headline gb-headline-fc165c36 gb-headline-text\"><strong>Hinweis:<\/strong> Messeinformationen werden aktuell nicht in Englisch \u00fcbersetzt und stehen deshalb nur auf der deutschen Seite zur Verf\u00fcgung.<\/p>\n\n\n\n<hr class=\"wp-block-separator has-alpha-channel-opacity has-text-color has-background has-central-palette-1-background-color has-central-palette-1-color is-style-wide\" id=\"3\"\/>\n\n\n\n<h2 class=\"gb-headline gb-headline-6f0b4688 gb-headline-text\">Adressen der Messe Stuttgart<\/h2>\n\n\n<div class=\"gb-grid-wrapper gb-grid-wrapper-57b70c17\">\n<div class=\"gb-grid-column gb-grid-column-b4151151\"><div class=\"gb-container gb-container-b4151151\"><div class=\"gb-inside-container\">\n\n<h3 class=\"wp-block-heading\">Hauptmessestandort Stuttgart<\/h3>\n\n\n\n<p><strong>Messe Stuttgart<\/strong><br>Messepiazza 1<br>70629 Stuttgart<\/p>\n\n<\/div><\/div><\/div>\n\n<div class=\"gb-grid-column gb-grid-column-bd8872f2\"><div class=\"gb-container gb-container-bd8872f2\"><div class=\"gb-inside-container\">\n\n<figure class=\"wp-block-image size-full\"><a href=\"https:\/\/goo.gl\/maps\/pLVuzSfATEUBJbno8\" target=\"_blank\" rel=\"noopener\"><img decoding=\"async\" width=\"600\" height=\"600\" src=\"https:\/\/trustpromotion.de\/wp-content\/uploads\/2022\/02\/Messe-Stuttgart-Standort.jpg\" data-orig-src=\"https:\/\/trustpromotion.de\/wp-content\/uploads\/2022\/02\/Messe-Stuttgart-Standort.jpg\" alt=\"\" class=\"lazyload wp-image-41674\" srcset=\"data:image\/svg+xml,%3Csvg%20xmlns%3D%27http%3A%2F%2Fwww.w3.org%2F2000%2Fsvg%27%20width%3D%27600%27%20height%3D%27600%27%20viewBox%3D%270%200%20600%20600%27%3E%3Crect%20width%3D%27600%27%20height%3D%27600%27%20fill-opacity%3D%220%22%2F%3E%3C%2Fsvg%3E\" data-srcset=\"https:\/\/trustpromotion.de\/wp-content\/uploads\/2022\/02\/Messe-Stuttgart-Standort-150x150.jpg 150w, https:\/\/trustpromotion.de\/wp-content\/uploads\/2022\/02\/Messe-Stuttgart-Standort-300x300.jpg 300w, https:\/\/trustpromotion.de\/wp-content\/uploads\/2022\/02\/Messe-Stuttgart-Standort.jpg 600w\" data-sizes=\"auto\" data-orig-sizes=\"(max-width: 600px) 100vw, 600px\" \/><\/a><\/figure>\n\n<\/div><\/div><\/div>\n<\/div>\n\n\n<hr class=\"wp-block-separator has-alpha-channel-opacity has-text-color has-background has-central-palette-1-background-color has-central-palette-1-color is-style-wide\" id=\"4\"\/>\n\n\n\n<h2 class=\"gb-headline gb-headline-82086081 gb-headline-text\">Weitere Messe &amp; Kongressstandorte in Stuttgart<\/h2>\n\n\n<div class=\"gb-grid-wrapper gb-grid-wrapper-ca23c516\">\n<div class=\"gb-grid-column gb-grid-column-f34109fd\"><div class=\"gb-container gb-container-f34109fd\"><div class=\"gb-inside-container\">\n\n<p><a href=\"https:\/\/www.geno-haus.de\" target=\"_blank\" rel=\"noreferrer noopener\"><strong>GENO-Haus Stuttgart GmbH &amp; Co. KG Verwaltungsgesellschaft<\/strong><br><\/a>Heilbronner Stra\u00dfe 41<br>70191 Stuttgart<\/p>\n\n\n\n<p><strong>Geschwister-Scholl-Gymnasium<\/strong><br>Richard-Schmid-Stra\u00dfe 25<br>70619 Stuttgart<\/p>\n\n\n\n<p><a href=\"https:\/\/www.bahnhof.de\/bahnhof-de#station\/21231\" target=\"_blank\" rel=\"noreferrer noopener\"><strong>Hauptbahnhof Stuttgart<\/strong><\/a><br>Arnulf-Klett-Platz 2<br>70173 Stuttgart<\/p>\n\n<\/div><\/div><\/div>\n\n<div class=\"gb-grid-column gb-grid-column-43515275\"><div class=\"gb-container gb-container-43515275\"><div class=\"gb-inside-container\">\n\n<p><a href=\"https:\/\/www.hausderwirtschaft.de\/\" target=\"_blank\" rel=\"noreferrer noopener\"><strong>Haus der Wirtschaft<\/strong><\/a><br>Willi-Bleicher-Stra\u00dfe 19<br>70174 Stuttgart<\/p>\n\n\n\n<p><a href=\"https:\/\/www.liederhalle-stuttgart.de\/\" target=\"_blank\" rel=\"noreferrer noopener\"><strong>Kultur- und Kongresszentrum Liederhalle<\/strong><\/a><br>Berliner Platz 1-3<br>70174 Stuttgart<\/p>\n\n\n\n<p><a href=\"https:\/\/www.kursaal-cannstatt.de\/\" target=\"_blank\" rel=\"noreferrer noopener\"><strong>Kursaal Cannstatt<\/strong><\/a><br>K\u00f6nigspl. 1<br>70372 Stuttgart<\/p>\n\n<\/div><\/div><\/div>\n\n<div class=\"gb-grid-column gb-grid-column-b106c7a1\"><div class=\"gb-container gb-container-b106c7a1\"><div class=\"gb-inside-container\">\n\n<p><a href=\"https:\/\/www.messe-stuttgart.de\/\" target=\"_blank\" rel=\"noreferrer noopener\"><strong>Messe Stuttgart<\/strong><\/a><br>Flufhafenstra\u00dfe<br>70629 Stuttgart<\/p>\n\n\n\n<p><a href=\"https:\/\/tennis-weissenhof.de\/\" target=\"_blank\" rel=\"noreferrer noopener\"><strong>Tennisclub Weissenhof e.V.<\/strong><\/a><br>Parlerstra\u00dfe 102<br>70192 Stuttgart<\/p>\n\n<\/div><\/div><\/div>\n<\/div>\n\n\n<hr class=\"wp-block-separator has-alpha-channel-opacity has-text-color has-background has-central-palette-1-background-color has-central-palette-1-color is-style-wide\" id=\"5\"\/>\n\n\n\n<h2 class=\"gb-headline gb-headline-82910a1a gb-headline-text\">Anfahrt &amp; Anreise zur Messe Stuttgart<\/h2>\n\n\n<div class=\"gb-grid-wrapper gb-grid-wrapper-c2298fa6\">\n<div class=\"gb-grid-column gb-grid-column-ce2f1eb8\"><div class=\"gb-container gb-container-ce2f1eb8\"><div class=\"gb-inside-container\">\n\n<p class=\"gb-headline gb-headline-e9ee97ce\"><span class=\"gb-icon\"><svg viewBox=\"0 0 197.99999 81.10622\" xmlns=\"http:\/\/www.w3.org\/2000\/svg\"><defs><style>.cls-1{fill:#616161;}<\/style><\/defs><g data-name=\"Layer 2\" id=\"Layer_2\"><g data-name=\"Layer 1\" id=\"Layer_1-2\"><g id=\"NewGroupe0\"><g id=\"NewGroup1-7\"><path d=\"M39.95231,45.83462a17.63631,17.63631,0,1,0,17.7944,17.6639,17.5957,17.5957,0,0,0-17.7944-17.6639Z\" class=\"cls-1\"><\/path><path d=\"M158.6927,45.99282a17.502,17.502,0,1,0,17.5476,17.3989,17.47473,17.47473,0,0,0-17.5476-17.3989Z\" class=\"cls-1\"><\/path><path d=\"M153.0607,22.102c-.3562,1.1936-1.4712,1.1439-2.3761,1.4236a5.24333,5.24333,0,0,1-.9705.17c-3.5919.4003-7.1754.9289-10.7779,1.163-6.7266.437-13.4599.809-20.196,1.0622V5.59562A73.80993,73.80993,0,0,1,129.8191,7.204a76.27672,76.27672,0,0,1,8.5323,2.2875,79.59811,79.59811,0,0,1,8.5585,3.7198,15.44677,15.44677,0,0,1,6.0117,4.6595c1.023,1.42.5635,2.8079.1391,4.2312Zm-48.04809,17.3681c-3.4919,0-6.3225-1.1047-6.3225-2.4673s2.8306-2.4673,6.3225-2.4673,6.3225,1.1047,6.3225,2.4673-2.8306,2.4673-6.3225,2.4673Zm-10.6471-12.9772q-2.172,0-4.3438.0003c-6.1858.0087-12.3714.0278-18.557.0225-1.8965-.0015-2.4479-.9632-1.4718-2.5879a27.28181,27.28181,0,0,1,2.142-3.1776c3.8872-4.7869,8.9678-7.9722,14.5328-10.3788a63.01527,63.01527,0,0,1,24.0537-4.9769v20.7696c-5.4513.1256-10.9044.1925-16.3559.3029v.0259Zm102.78219,3.7365c-.2399-1.7836-1.4794-2.9784-2.63869-4.1337a15.97618,15.97618,0,0,0-10.90931-4.8986c-4.2343-.169-8.4725-.2483-12.7052-.4444a3.15934,3.15934,0,0,1-1.7901-.7711A76.10533,76.10533,0,0,0,150.6532,7.793a82.65091,82.65091,0,0,0-14.5141-5.0882A100.8604,100.8604,0,0,0,124.7373.71032a104.77575,104.77575,0,0,0-22.31139-.2289A63.67951,63.67951,0,0,0,85.315,4.35822a74.92374,74.92374,0,0,0-19.8663,10.9072c-3.4548,2.6693-6.5458,5.8077-9.8378,8.6923a3.50079,3.50079,0,0,1-1.7561.8549c-5.8306.6952-11.6702,1.317-17.5063,1.9699-3.6985.4139-7.418.7053-11.0882,1.2981-6.7854,1.0952-13.0037,3.5545-18.0223,8.4374A23.28528,23.28528,0,0,0,.02111,53.577c-.033,2.9596.0361,5.9207-.0188,8.8796-.0839,4.5402,2.1216,6.2778,5.9441,6.5422,4.213.2914,6.9193.0666,11.234.0666-.8342-10.1651.8491-17.5248,7.8014-24.0438,4.6623-4.3721,10.8044-5.9031,17.1917-5.5614a23.00489,23.00489,0,0,1,20.5223,15.9889,29.10445,29.10445,0,0,1,1.0008,13.7443H134.7269a47.145,47.145,0,0,1,.009-8.6857c.57211-6.0202,2.582-11.1473,7.1355-15.1777l.0838-.0743a24.49139,24.49139,0,0,1,19.0462-6.0243,32.00616,32.00616,0,0,1,3.6267.6378,25.08776,25.08776,0,0,1,18.3042,17.6516c.10271.3664.1924.7247.2668,1.0711h14.4955c.9252-26.5238-.5469-28.3625-.5469-28.3625Z\" class=\"cls-1\"><\/path><\/g><\/g><\/g><\/g><\/svg><\/span><\/p>\n\n\n\n<h3 class=\"wp-block-heading\">Anreise \u00fcber die Autobahn<\/h3>\n\n\n\n<p>Der Messestandort Stuttgart ist direkt an die A8 und die A81 sowie an die B27 angebunden, sodass sich die Anfahrt mit Auto einfach gestaltet.<\/p>\n\n\n\n<p>Es ist darauf zu achten, dass die Stadt Stuttgart in der Umweltzone liegt und nur Fahrzeuge mit gr\u00fcner Plakette fahren d\u00fcrfen.<\/p>\n\n<\/div><\/div><\/div>\n\n<div class=\"gb-grid-column gb-grid-column-75edb31c\"><div class=\"gb-container gb-container-75edb31c\"><div class=\"gb-inside-container\">\n\n<p class=\"gb-headline gb-headline-4172dbe9\"><span class=\"gb-icon\"><svg viewBox=\"0 0 191.304 197.99998\" xmlns=\"http:\/\/www.w3.org\/2000\/svg\"><defs><style>.cls-1{fill:#616161;}<\/style><\/defs><g data-name=\"Layer 2\" id=\"Layer_2\"><g data-name=\"Layer 1\" id=\"Layer_1-2\"><g id=\"NewGroupe1\"><g id=\"NewGroup1-6\"><path d=\"M127.94979,182.44878c-7.5287-4.9516-15.025-9.9519-22.5402-14.9251l-13.4005.3049-5.5642.1268q-4.85325,3.57824-9.6767,7.1941c-4.134,3.079-8.2734,6.1471-12.3913,9.25029a1.6568,1.6568,0,0,0-.6827,1.06051c-.02419,4.1475.0162,8.2977.0405,12.5397.3994-.09711.7259-.1673,1.047-.259q13.61235-3.99105,27.2274-7.9794,1.6515-.4857,3.30291-.966a3.22735,3.22735,0,0,1,1.55429-.1268q16.24335,3.81285,32.4705,7.68239c.197-.1214.3967-.24009.5936-.3588-.2158-3.7158-.4857-7.42889-.6098-11.1474a2.64742,2.64742,0,0,0-1.3708-2.39619Z\" class=\"cls-1\"><\/path><path d=\"M0,147.20968l83.32279-32.9831,3.8291,46.2055h17.0002l3.8291-46.2055,83.32281,32.9831s-.04321-20.1115-.31031-25.8322c-.0189-.4102.027-.8231.0432-1.2359-.081-.1323-.1592-.2645-.2375-.394a8.94412,8.94412,0,0,1-.7798-.456q-9.84405-7.03905-19.6852-14.086-1.67985-1.20208-3.3569-2.4043L153.73079,93.319l-11.598-8.3005-1.9887-1.4221q-13.98075-10.00575-27.9668-20.0063l2.8253-34.0922a28.17663,28.17663,0,0,0-11.2579-24.9337l-4.555-3.392h0a5.92459,5.92459,0,0,0-7.0754,0h0l-4.555,3.392a28.17663,28.17663,0,0,0-11.2579,24.9337l2.8253,34.0922q-13.9848,9.9978-27.9668,20.0063l-1.9887,1.4221-11.598,8.3005-13.2467,9.48229q-1.6797,1.20226-3.3569,2.4043-9.84388,7.043-19.6852,14.086a8.94412,8.94412,0,0,1-.7798.456c-.0783.1295-.1565.2617-.2375.394.0162.4128.0621.8257.0432,1.2359C.04309,127.09818,0,147.20968,0,147.20968Z\" class=\"cls-1\"><\/path><\/g><\/g><\/g><\/g><\/svg><\/span><\/p>\n\n\n\n<h3 class=\"wp-block-heading\">Anreise mit dem Fugzeug<\/h3>\n\n\n\n<p>Aufgrund der Messen, die Besucher aus allen L\u00e4ndern anlocken, ist die Anbindung an den Flughafen besonders wichtig. Nur 200 Meter sind die Flughafenterminals entfernt, sodass das Messegel\u00e4nde sogar fu\u00dfl\u00e4ufig innerhalb weniger Minuten erreichbar ist.<\/p>\n\n<\/div><\/div><\/div>\n\n<div class=\"gb-grid-column gb-grid-column-a35f7e1a\"><div class=\"gb-container gb-container-a35f7e1a\"><div class=\"gb-inside-container\">\n\n<p class=\"gb-headline gb-headline-513b9ce4\"><span class=\"gb-icon\"><svg viewBox=\"0 0 130.39322 197.99999\" xmlns=\"http:\/\/www.w3.org\/2000\/svg\"><defs><style>.cls-1{fill:#616161;}<\/style><\/defs><g data-name=\"Layer 2\" id=\"Layer_2\"><g data-name=\"Layer 1\" id=\"Layer_1-2\"><g id=\"NewGroupe3\"><g id=\"NewGroup1-4\"><path d=\"M115.71972,121.63139H15.007V55.26829h100.7127v66.3631Zm-12.1911,43.8727a12.19115,12.19115,0,1,1,12.1911-12.1912,12.19126,12.19126,0,0,1-12.1911,12.1912Zm-76.3304,0a12.19115,12.19115,0,1,1,12.1908-12.1912,12.19109,12.19109,0,0,1-12.1908,12.1912Zm94.5944-126.6556-4.2853-1.6738a143.28337,143.28337,0,0,0-35.2206-8.7959L65.49912,1.85939a3.9968,3.9968,0,1,0-6.7541,4.2755l13.5504,21.4058a145.27412,145.27412,0,0,0-17.7665.2146L38.13582,1.85939a3.9968,3.9968,0,1,0-6.7541,4.2755l14.2729,22.5477a143.133,143.133,0,0,0-33.0617,8.5816L8.5773,38.84079A13.095,13.095,0,0,0,0,50.896v118.3525c0,7.2227,6.2711,13.0779,14.00662,13.0779H17.008V194.559A3.45131,3.45131,0,0,0,20.449,198h18.5498a3.45112,3.45112,0,0,0,3.441-3.441v-12.2326h45.9704V194.559A3.45112,3.45112,0,0,0,91.85092,198h18.5499a3.45118,3.45118,0,0,0,3.4413-3.441v-12.2326h2.5445c7.7355,0,14.0066-5.8552,14.0066-13.0779V50.91329a13.09889,13.09889,0,0,0-8.6006-12.0648Z\" class=\"cls-1\"><\/path><\/g><\/g><\/g><\/g><\/svg><\/span><\/p>\n\n\n\n<h3 class=\"wp-block-heading\">Anreise mit dem Zug<\/h3>\n\n\n\n<p>Eine klimafreundliche Anreise l\u00e4sst sich ebenfalls erm\u00f6glichen. Stuttgarts Hauptbahnhof ist ein ICE-Bahnhof und ungef\u00e4hr 13 km von der Messe Stuttgart entfernt. Es werden spezielle Veranstaltungstickets der Deutschen Bahn angeboten, die es bereits ab 49,50\u20ac gibt.<\/p>\n\n\n\n<h3 class=\"wp-block-heading\">weiter mit der S-Bahn<\/h3>\n\n\n\n<p>Am Bahnhof steigen Sie einfach die die S-Bahn S2 oder S3 in Richtung Stuttgart Messe ein. Ungef\u00e4hr 30 Minuten dauert die Fahrt zum Ziel.<\/p>\n\n\n\n<h3 class=\"wp-block-heading\">weiter mit dem Taxi<\/h3>\n\n\n\n<p>Sie k\u00f6nnten alternativ auch auf das Taxi umsteigen und sich zum Messegel\u00e4nde fahren lassen. Ist die Verkehrssituation gut, dauert es ungef\u00e4hr 20 km.<\/p>\n\n\n\n<p><strong>Kosten: rund 31\u20ac<\/strong><\/p>\n\n<\/div><\/div><\/div>\n<\/div>\n\n\n<hr class=\"wp-block-separator has-alpha-channel-opacity has-text-color has-background has-central-palette-1-background-color has-central-palette-1-color is-style-wide\" id=\"6\"\/>\n\n\n\n<h2 class=\"gb-headline gb-headline-27cab4df gb-headline-text\">Parken am Messegel\u00e4nde Stuttgart<\/h2>\n\n\n\n<p class=\"has-text-align-center\">Die Messe Stuttgart bietet den Besuchern direkt am Messegel\u00e4nde 6.600 Parkpl\u00e4tze. Au\u00dferdem k\u00f6nnen die angrenzenden Parkpl\u00e4tze des Flughafengel\u00e4ndes genutzt werden. Insgesamt w\u00e4ren es ungef\u00e4hr 15.000 Stellfl\u00e4chen in der unmittelbaren Umgebung.<\/p>\n\n\n\n<p class=\"has-text-align-center\">Zus\u00e4tzlich gibt es zahlreiche kosteng\u00fcnstigere P+R Parkpl\u00e4tze am Rande von Stuttgart, sodass sich auch dort die Fahrzeuge abstellen lassen.<\/p>\n\n\n<div class=\"gb-grid-wrapper gb-grid-wrapper-e58423c8\">\n<div class=\"gb-grid-column gb-grid-column-34bfa12c\"><div class=\"gb-container gb-container-34bfa12c\"><div class=\"gb-inside-container\">\n\n<h3 class=\"wp-block-heading\">Tiefgarage Eingang Ost<\/h3>\n\n\n\n<p>In der Tiefgarage, die sogar eine direkte Anbindung an den Eingang Ost bietet, werden 950 Stellpl\u00e4tze geboten.<\/p>\n\n\n\n<p><strong>Kosten: max. 24\u20ac f\u00fcr 24h<\/strong><\/p>\n\n\n\n<h3 class=\"wp-block-heading\">Parkhaus Bosch Eingang Ost<\/h3>\n\n\n\n<p>Ebenfalls am Eingang Ost gibt es das Parkhaus Bosch mit \u00fcber 4.000 Parkpl\u00e4tzen f\u00fcr Besucher.<\/p>\n\n\n\n<p><strong>Kosten: max. 24\u20ac f\u00fcr 24h<\/strong><\/p>\n\n<\/div><\/div><\/div>\n\n<div class=\"gb-grid-column gb-grid-column-f6fe2516\"><div class=\"gb-container gb-container-f6fe2516\"><div class=\"gb-inside-container\">\n\n<h3 class=\"wp-block-heading\">Parkfl\u00e4chen Freigel\u00e4nde Eingang West<\/h3>\n\n\n\n<p>Am Eingang West gibt es die gro\u00dfe Parkpl\u00e4tze P25 und P26, auf denen insgesamt ungef\u00e4hr 2.100 Fahrzeuge einen Platz finden.<\/p>\n\n\n\n<p><strong>Kosten: max. 24\u20ac f\u00fcr 24h<\/strong><\/p>\n\n<\/div><\/div><\/div>\n\n<div class=\"gb-grid-column gb-grid-column-c6dc10cb\"><div class=\"gb-container gb-container-c6dc10cb\"><div class=\"gb-inside-container\">\n\n<h3 class=\"wp-block-heading\">Stellfl\u00e4chen am Flughafen<\/h3>\n\n\n\n<p>Am Flughafen gibt es zus\u00e4tzlich um die 6.700 Stellpl\u00e4tze, die im Bedarfsfall genutzt werden k\u00f6nnen. Es gibt ein Parkleitsystem, welches Sie im Bedarfsfall lenkt.<\/p>\n\n\n\n<p><strong>Kosten: 26\u20ac pro Tag<\/strong><\/p>\n\n<\/div><\/div><\/div>\n<\/div>\n\n<div class=\"wp-block-image\">\n<figure class=\"aligncenter size-large\"><img decoding=\"async\" width=\"1200\" height=\"908\" src=\"https:\/\/trustpromotion.de\/wp-content\/uploads\/2020\/05\/Parkplan-Messe-Stuttgart-1200x908.jpg\" data-orig-src=\"https:\/\/trustpromotion.de\/wp-content\/uploads\/2020\/05\/Parkplan-Messe-Stuttgart-1200x908.jpg\" alt=\"\" class=\"lazyload wp-image-21765\" srcset=\"data:image\/svg+xml,%3Csvg%20xmlns%3D%27http%3A%2F%2Fwww.w3.org%2F2000%2Fsvg%27%20width%3D%271200%27%20height%3D%27908%27%20viewBox%3D%270%200%201200%20908%27%3E%3Crect%20width%3D%271200%27%20height%3D%27908%27%20fill-opacity%3D%220%22%2F%3E%3C%2Fsvg%3E\" data-srcset=\"https:\/\/trustpromotion.de\/wp-content\/uploads\/2020\/05\/Parkplan-Messe-Stuttgart-150x113.jpg 150w, https:\/\/trustpromotion.de\/wp-content\/uploads\/2020\/05\/Parkplan-Messe-Stuttgart-300x227.jpg 300w, https:\/\/trustpromotion.de\/wp-content\/uploads\/2020\/05\/Parkplan-Messe-Stuttgart-768x581.jpg 768w, https:\/\/trustpromotion.de\/wp-content\/uploads\/2020\/05\/Parkplan-Messe-Stuttgart-1200x908.jpg 1200w\" data-sizes=\"auto\" data-orig-sizes=\"(max-width: 1200px) 100vw, 1200px\" \/><\/figure>\n<\/div>\n\n\n<hr class=\"wp-block-separator has-alpha-channel-opacity has-text-color has-background has-central-palette-1-background-color has-central-palette-1-color is-style-wide\" id=\"7\"\/>\n\n\n\n<h2 class=\"gb-headline gb-headline-50b05cc8 gb-headline-text\">Hotels &amp; Motels&nbsp;<br>nahe dem Messegel\u00e4nde Stuttgart<\/h2>\n\n\n\n<figure class=\"wp-block-table is-style-stripes\"><table><thead><tr><th>Entfernung Messse Stuttgart<\/th><th>Kategorie<\/th><th>Name<\/th><th>Adresse<\/th><th>Preis<\/th><\/tr><\/thead><tbody><tr><td>0,2 km<\/td><td>4 Stern Hotel<\/td><td><a rel=\"noreferrer noopener\" href=\"https:\/\/www.movenpick.com\/en\/europe\/germany\/stuttgart\/hotel-stuttgart-airport\/\" target=\"_blank\">M\u00f6venpick Hotel Stuttgart Airport<\/a><\/td><td>Flughafenstra\u00dfe 50, 70629 Stuttgart<\/td><td>ab 121\u20ac<\/td><\/tr><tr><td>0,2 km<\/td><td>4 Stern Hotel<\/td><td><a rel=\"noreferrer noopener\" href=\"https:\/\/www.wyndhamhotels.com\/de-de\" target=\"_blank\">Wyndham Stuttgart Airport Messe<\/a><\/td><td>Flughafenstra\u00dfe 51, 70629 Stuttgart<\/td><td>ab 83\u20ac<\/td><\/tr><tr><td>2,7 km<\/td><td>3 Stern Hotel<\/td><td><a rel=\"noreferrer noopener\" href=\"https:\/\/www.hayta-hotel.de\/de-de\" target=\"_blank\">Hayta Hotel Stuttgart Airport Messe<\/a><\/td><td>Bahn Station, Aicher Str. 20, 70794 Filderstadt<\/td><td>ab 88\u20ac<\/td><\/tr><tr><td>2,3 km<\/td><td>3 Stern Hotel<\/td><td><a rel=\"noreferrer noopener\" href=\"https:\/\/achat-hotels.com\/en\/hotel\/stuttgart-airport\" target=\"_blank\">ACHAT Hotel Stuttgart Airport Messe<\/a><\/td><td>Vor dem Lauch 20, 70567 Stuttgart<\/td><td>ab 53\u20ac<\/td><\/tr><tr><td>4,8 km<\/td><td>3 Stern Hotel<\/td><td><a rel=\"noreferrer noopener\" href=\"https:\/\/www.hotel-koerschtal.de\/\" target=\"_blank\">Hotel garni K\u00f6rschtal<\/a><\/td><td>Richterstra\u00dfe 23, 70567 Stuttgart M\u00f6hringen<\/td><td>ab 72\u20ac<\/td><\/tr><\/tbody><\/table><\/figure>\n\n\n\n<hr class=\"wp-block-separator has-alpha-channel-opacity has-text-color has-background has-central-palette-1-background-color has-central-palette-1-color is-style-wide\" id=\"8\"\/>\n\n\n\n<h2 class=\"gb-headline gb-headline-1586542e gb-headline-text\">Promoter in Stuttgart<\/h2>\n\n\n\n\n\n<p class=\"gb-headline gb-headline-85a2b0cb gb-headline-text\"><strong>Hinweis:<\/strong> Promoterinformationen werden aktuell nicht in Englisch \u00fcbersetzt und stehen deshalb nur auf der deutschen Seite zur Verf\u00fcgung.<\/p>\n\n\n\n<hr class=\"wp-block-separator has-text-color has-central-palette-1-color has-css-opacity has-central-palette-1-background-color has-background is-style-wide\"\/>\n\n\n\n<h3 class=\"gb-headline gb-headline-9c94ab51 gb-headline-text\">Beste Unterst\u00fctzung f\u00fcr Ihren Messeauftritt?<\/h3>\n\n\n\n<p class=\"gb-headline gb-headline-141d6f08 gb-headline-text\">Unsere Messehost\/essen, Promoter und Servicekr\u00e4fte unterst\u00fctzen Sie in allen Bereichen.<\/p>\n\n\n<div class=\"gb-container gb-container-eab5a419\"><div class=\"gb-inside-container\">\n\n<h2 class=\"gb-headline gb-headline-d2e7598a gb-headline-text\">UNVERBINDLICH ANFRAGEN:<\/h2>\n\n\n<div class=\"gb-button-wrapper gb-button-wrapper-7c80a011\">\n\n<a class=\"gb-button gb-button-20ff3491 gb-button-text\" href=\"https:\/\/trustpromotion.de\/kontakt-angebot-anfordern\/\">zu Ihrem Angebot<\/a>\n\n<\/div>\n<\/div><\/div>\n<\/div><\/div>","protected":false},"excerpt":{"rendered":"<p>Messestadt Stuttgart &#8211; wichtige Informationen\u200b Messe Stuttgart: Adresse, Anreise, Parkm\u00f6glichkeiten,  &#8230;<\/p>","protected":false},"author":6,"featured_media":0,"parent":0,"menu_order":0,"comment_status":"closed","ping_status":"closed","template":"","meta":{"_improvement_type_select":"improve_an_existing","_thumb_yes_seoaic":false,"_frame_yes_seoaic":false,"seoaic_generate_description":"","seoaic_improve_instructions_prompt":"","seoaic_rollback_content_improvement":"","seoaic_idea_thumbnail_generator":"","thumbnail_generated":false,"thumbnail_generate_prompt":"","seoaic_article_description":"","footnotes":""},"p-category":[],"class_list":["post-21763","page","type-page","status-publish","hentry"],"_links":{"self":[{"href":"https:\/\/trustpromotion.de\/en\/wp-json\/wp\/v2\/pages\/21763","targetHints":{"allow":["GET"]}}],"collection":[{"href":"https:\/\/trustpromotion.de\/en\/wp-json\/wp\/v2\/pages"}],"about":[{"href":"https:\/\/trustpromotion.de\/en\/wp-json\/wp\/v2\/types\/page"}],"author":[{"embeddable":true,"href":"https:\/\/trustpromotion.de\/en\/wp-json\/wp\/v2\/users\/6"}],"replies":[{"embeddable":true,"href":"https:\/\/trustpromotion.de\/en\/wp-json\/wp\/v2\/comments?post=21763"}],"version-history":[{"count":0,"href":"https:\/\/trustpromotion.de\/en\/wp-json\/wp\/v2\/pages\/21763\/revisions"}],"wp:attachment":[{"href":"https:\/\/trustpromotion.de\/en\/wp-json\/wp\/v2\/media?parent=21763"}],"wp:term":[{"taxonomy":"p-category","embeddable":true,"href":"https:\/\/trustpromotion.de\/en\/wp-json\/wp\/v2\/p-category?post=21763"}],"curies":[{"name":"wp","href":"https:\/\/api.w.org\/{rel}","templated":true}]}}