{"id":21730,"date":"2019-12-22T20:59:54","date_gmt":"2019-12-22T19:59:54","guid":{"rendered":"https:\/\/staging.trustpromotion.info\/?page_id=21730"},"modified":"2024-06-24T10:24:41","modified_gmt":"2024-06-24T08:24:41","slug":"messestadt-koeln","status":"publish","type":"page","link":"https:\/\/trustpromotion.de\/pl\/miasto-targowe-kolonia\/","title":{"rendered":"Miasto targowe Kolonia"},"content":{"rendered":"<div class=\"gb-container gb-container-72eb9347 gb-container-main-container\"><div class=\"gb-inside-container\">\n\n<h1 class=\"gb-headline gb-headline-4a8149ee gb-headline-text\" id=\"1\">Messestadt K\u00f6ln &#8211; wichtige Informationen\u200b<\/h1>\n\n\n\n<h2 class=\"gb-headline gb-headline-a2d33765 gb-headline-text\">Messe K\u00f6ln: Adresse, Anreise, Parkm\u00f6glichkeiten, Hotels und Tipps\u200b<\/h2>\n\n\n<div class=\"gb-grid-wrapper gb-grid-wrapper-b95d5d84\">\n<div class=\"gb-grid-column gb-grid-column-6dcc197c\"><div class=\"gb-container gb-container-6dcc197c\"><div class=\"gb-inside-container\">\n\n<p>Als internationaler Messeveranstalter hat sich die Messe K\u00f6ln auf keinen speziellen Schwerpunkt spezialisiert. Es werden j\u00e4hrlich \u00fcber 80 Veranstaltungen verschiedener Branchen durchgef\u00fchrt. Zus\u00e4tzlich ist die Messe K\u00f6ln f\u00fcr zahlreiche Gastveranstaltungen und Kongresse bekannt.<\/p>\n\n\n\n<p>Zu den f\u00fchrenden Messen geh\u00f6ren die ISM, die FIBO und die imm cologne. Diese Messen sind weltweit bekannt und ziehen immer wieder viele Besucher an. F\u00fcr Gamer ist die Gamescom, eine europ\u00e4ische Leitmesse f\u00fcr digitale Spiele, interessant.<\/p>\n\n\n\n<p>Das Messegel\u00e4nde mit 284.000 m\u00b2 Hallenfl\u00e4che sowie dem Freigel\u00e4nde mit 100.000 m\u00b2 ist weltweit das f\u00fcnftgr\u00f6\u00dfte Gel\u00e4nde f\u00fcr Messen und Events. Insgesamt gibt es 11 Hallen und 2 Congress-Centren.<\/p>\n\n\n\n<ul class=\"wp-block-list\">\n<li><a href=\"https:\/\/www.ism-cologne.de\/\" target=\"_blank\" rel=\"noreferrer noopener\">ISM<\/a>&nbsp;\u2013 gr\u00f6\u00dfte Messe f\u00fcr S\u00fc\u00dfigkeiten und Snacks weltweit mit \u00fcber 38.000 Fachbesuchern<\/li>\n\n\n\n<li>FIBO\u00a0\u2013 angesehene internationale Fitnessmesse als Weltleitmesse mit rund 84.000 Besuchern j\u00e4hrlich<\/li>\n\n\n\n<li><a href=\"https:\/\/www.imm-cologne.de\/\" target=\"_blank\" rel=\"noreferrer noopener\">imm cologne<\/a>&nbsp;\u2013 internationale Enrichtungsmesse mit mehr als 150.000 Fachbesuchern aus der ganzen Welt<\/li>\n<\/ul>\n\n<\/div><\/div><\/div>\n\n<div class=\"gb-grid-column gb-grid-column-5eee09e3\"><div class=\"gb-container gb-container-5eee09e3\"><div class=\"gb-inside-container\">\n\n<h3 class=\"gb-headline gb-headline-89e68221 gb-headline-text\">Inhaltsverzeichnis<\/h3>\n\n\n<div class=\"gb-container gb-container-6bdfccc8\"><div class=\"gb-inside-container\">\n\n<ol class=\"wp-block-list\">\n<li><a href=\"#1\">Messe K\u00f6ln: Adresse, Anreise, Parkm\u00f6glichkeiten, Hotels und Tipps\u200b<\/a><\/li>\n\n\n\n<li><a href=\"#2\">aktuelle Messetermine<\/a><\/li>\n\n\n\n<li><a href=\"#3\">Adressen der Messen <\/a><\/li>\n\n\n\n<li><a href=\"#4\">Weitere Messe- &amp; Kongressstandorte <\/a><\/li>\n\n\n\n<li><a href=\"#5\">Anfahrt &amp; Anreise<\/a><\/li>\n\n\n\n<li><a href=\"#6\">Parken am Messegel\u00e4nde<\/a><\/li>\n\n\n\n<li><a href=\"#7\">Hotels &amp; Motels nahe Messegel\u00e4nde<\/a><\/li>\n\n\n\n<li><a href=\"#8\">Promoter aus K\u00f6ln<\/a><\/li>\n<\/ol>\n\n<\/div><\/div>\n<\/div><\/div><\/div>\n<\/div>\n\n\n<hr class=\"wp-block-separator has-alpha-channel-opacity has-text-color has-background has-central-palette-1-background-color has-central-palette-1-color is-style-wide\" id=\"2\"\/>\n\n\n\n<h2 class=\"gb-headline gb-headline-15e6a7b1 gb-headline-text\">Aktuelle Messetermine\u200b in K\u00f6ln<\/h2>\n\n\n\t\t\t\t\t\t\t\t\t\t\t\t\t\t<div class=\"uk-margin-top messen-items\">\n\t\t\t\t\t\t<a href=\"https:\/\/trustpromotion.de\/pl\/messen\/cologne-fine-art-design\/\" class=\"uk-link-reset\" uk-grid>\n\t<div class=\"uk-width-1-1 uk-width-1-3@s uk-width-1-4@m \">\n\t\t<img class=\"lazyload\" data-src=\"https:\/\/trustpromotion.de\/wp-content\/uploads\/2020\/04\/Trustpromotion-Messekalender-Logo-COLOGNE-FINE-ART-DESIGN.png\" width=\"100%\"  alt=\"\" uk-img>\n\t<\/div>\t\n\t<div class=\"uk-width-1-1 uk-width-2-3@s uk-width-3-4@m\">\n\t\t<h2>COLOGNE FINE ART &#038; DESIGN<\/h2>\n\t\t<div>Kunstmesse und Antiquit\u00e4tenmesse<\/div>\n\t\t<div>K\u00f6ln Messe<\/div>\n\t\t<div>16.11.2022 - 20.11.2022<\/div><br>\n\t\t\n\t<\/div>\n<\/a>\n\n\t\t\t\t\t\t<a href=\"https:\/\/trustpromotion.de\/pl\/messen\/crypto-rockstars\/\" class=\"uk-link-reset\" uk-grid>\n\t<div class=\"uk-width-1-1 uk-width-1-3@s uk-width-1-4@m \">\n\t\t<img class=\"lazyload\" data-src=\"https:\/\/trustpromotion.de\/wp-content\/uploads\/2021\/09\/Trustpromotion-Messekalender-Logo-Crypto-Rockstars.png\" width=\"100%\"  alt=\"\" uk-img>\n\t<\/div>\t\n\t<div class=\"uk-width-1-1 uk-width-2-3@s uk-width-3-4@m\">\n\t\t<h2>Crypto-Rockstars<\/h2>\n\t\t<div>DLT & Blockchain Konferenz<\/div>\n\t\t<div>MS Rheinenergie<\/div>\n\t\t<div>04.05.2023 - 06.05.2023<\/div><br>\n\t\t\n\t<\/div>\n<\/a>\n\n\t\t\t\t\t\t<a href=\"https:\/\/trustpromotion.de\/pl\/messen\/e-commerce-day\/\" class=\"uk-link-reset\" uk-grid>\n\t<div class=\"uk-width-1-1 uk-width-1-3@s uk-width-1-4@m \">\n\t\t<img class=\"lazyload\" data-src=\"https:\/\/trustpromotion.de\/wp-content\/uploads\/2022\/02\/TrustPromotion-Messekalender-Logo-17094-e-Commerce-Day.png\" width=\"100%\"  alt=\"\" uk-img>\n\t<\/div>\t\n\t<div class=\"uk-width-1-1 uk-width-2-3@s uk-width-3-4@m\">\n\t\t<h2>e-Commerce Day<\/h2>\n\t\t<div>Die Fachmesse f\u00fcr den Online-Handel made by Kaufland<\/div>\n\t\t<div>RheinEnergie Stadion<\/div>\n\t\t<div>05.05.2023 - 05.05.2023<\/div><br>\n\t\t\n\t<\/div>\n<\/a>\n\n\t\t\t\t\t\t<a href=\"https:\/\/trustpromotion.de\/pl\/messen\/intercomic\/\" class=\"uk-link-reset\" uk-grid>\n\t<div class=\"uk-width-1-1 uk-width-1-3@s uk-width-1-4@m \">\n\t\t<img class=\"lazyload\" data-src=\"https:\/\/trustpromotion.de\/wp-content\/uploads\/2020\/04\/Trustpromotion-Messekalender-Logo-INTERCOMIC.gif\" width=\"100%\"  alt=\"\" uk-img>\n\t<\/div>\t\n\t<div class=\"uk-width-1-1 uk-width-2-3@s uk-width-3-4@m\">\n\t\t<h2>INTERCOMIC<\/h2>\n\t\t<div>Internationale Comic-und Romanmesse K\u00f6ln<\/div>\n\t\t<div>Stadthalle K\u00f6ln-M\u00fclheim<\/div>\n\t\t<div>06.05.2023 - 06.05.2023<\/div><br>\n\t\t\n\t<\/div>\n<\/a>\n\n\t\t\t\t\t\t<a href=\"https:\/\/trustpromotion.de\/pl\/messen\/koelner-immobilienmesse\/\" class=\"uk-link-reset\" uk-grid>\n\t<div class=\"uk-width-1-1 uk-width-1-3@s uk-width-1-4@m \">\n\t\t<img class=\"lazyload\" data-src=\"https:\/\/trustpromotion.de\/wp-content\/uploads\/2020\/04\/Trustpromotion-Messekalender-Logo-K\u00f6lner-Immobilienmesse.gif\" width=\"100%\"  alt=\"\" uk-img>\n\t<\/div>\t\n\t<div class=\"uk-width-1-1 uk-width-2-3@s uk-width-3-4@m\">\n\t\t<h2>K\u00f6lner Immobilienmesse<\/h2>\n\t\t<div>Messe f\u00fcr regionale Immobilien<\/div>\n\t\t<div>G\u00fcrzenich K\u00f6ln<\/div>\n\t\t<div>06.05.2023 - 06.05.2023<\/div><br>\n\t\t\n\t<\/div>\n<\/a>\n\n\t\t\t\t\t\t<a href=\"https:\/\/trustpromotion.de\/pl\/messen\/interzum\/\" class=\"uk-link-reset\" uk-grid>\n\t<div class=\"uk-width-1-1 uk-width-1-3@s uk-width-1-4@m \">\n\t\t<img class=\"lazyload\" data-src=\"https:\/\/trustpromotion.de\/wp-content\/uploads\/2020\/04\/Trustpromotion-Messekalender-Logo-interzum.gif\" width=\"100%\"  alt=\"\" uk-img>\n\t<\/div>\t\n\t<div class=\"uk-width-1-1 uk-width-2-3@s uk-width-3-4@m\">\n\t\t<h2>interzum<\/h2>\n\t\t<div>Internationale Messe f\u00fcr Zulieferer der M\u00f6belindustrie und des Innenausbaus<\/div>\n\t\t<div>K\u00f6ln Messe<\/div>\n\t\t<div>09.05.2023 - 12.05.2023<\/div><br>\n\t\t\n\t<\/div>\n<\/a>\n\n\t\t\t\t\t\t<a href=\"https:\/\/trustpromotion.de\/pl\/messen\/jurahealth-congress-koeln\/\" class=\"uk-link-reset\" uk-grid>\n\t<div class=\"uk-width-1-1 uk-width-1-3@s uk-width-1-4@m \">\n\t\t<img class=\"lazyload\" data-src=\"https:\/\/trustpromotion.de\/wp-content\/uploads\/2020\/04\/Trustpromotion-Messekalender-Logo-JuraHealth-Congress-K\u00f6ln.gif\" width=\"100%\"  alt=\"\" uk-img>\n\t<\/div>\t\n\t<div class=\"uk-width-1-1 uk-width-2-3@s uk-width-3-4@m\">\n\t\t<h2>JuraHealth Congress K\u00f6ln<\/h2>\n\t\t<div>Kongress f\u00fcr Gesundheitswesen<\/div>\n\t\t<div>Sartory S\u00e4le<\/div>\n\t\t<div>11.05.2023 - 11.05.2023<\/div><br>\n\t\t\n\t<\/div>\n<\/a>\n\n\t\t\t\t\t\t<a href=\"https:\/\/trustpromotion.de\/pl\/messen\/auf-in-die-welt-messe-koeln-buergerhaus-stollwerck\/\" class=\"uk-link-reset\" uk-grid>\n\t<div class=\"uk-width-1-1 uk-width-1-3@s uk-width-1-4@m \">\n\t\t<img class=\"lazyload\" data-src=\"https:\/\/trustpromotion.de\/wp-content\/uploads\/2020\/04\/Trustpromotion-Messekalender-Logo-Auf-in-die-Welt-Messe-Hamburg-HanseMerkur-Haus.gif\" width=\"100%\"  alt=\"\" uk-img>\n\t<\/div>\t\n\t<div class=\"uk-width-1-1 uk-width-2-3@s uk-width-3-4@m\">\n\t\t<h2>Auf in die Welt Messe K\u00f6ln B\u00fcrgerhaus Stollwerck<\/h2>\n\t\t<div>Deine Messe f\u00fcr Auslandsaufenthalte und Internationale Bildung<\/div>\n\t\t<div>B\u00fcrgerhaus Stollwerck<\/div>\n\t\t<div>13.05.2023 - 13.05.2023<\/div><br>\n\t\t\n\t<\/div>\n<\/a>\n\n\t\t\t\t\t\t<a href=\"https:\/\/trustpromotion.de\/pl\/messen\/vocatium-koeln\/\" class=\"uk-link-reset\" uk-grid>\n\t<div class=\"uk-width-1-1 uk-width-1-3@s uk-width-1-4@m \">\n\t\t<img class=\"lazyload\" data-src=\"https:\/\/trustpromotion.de\/wp-content\/uploads\/2020\/04\/Trustpromotion-Messekalender-Logo-vocatium-Flensburg.gif\" width=\"100%\"  alt=\"\" uk-img>\n\t<\/div>\t\n\t<div class=\"uk-width-1-1 uk-width-2-3@s uk-width-3-4@m\">\n\t\t<h2>vocatium K\u00f6ln<\/h2>\n\t\t<div>Fachmesse f\u00fcr Ausbildung+Studium<\/div>\n\t\t<div>XPOST<\/div>\n\t\t<div>16.05.2023 - 17.05.2023<\/div><br>\n\t\t\n\t<\/div>\n<\/a>\n\n\t\t\t\t\t\t<a href=\"https:\/\/trustpromotion.de\/pl\/messen\/anga-com\/\" class=\"uk-link-reset\" uk-grid>\n\t<div class=\"uk-width-1-1 uk-width-1-3@s uk-width-1-4@m \">\n\t\t<img class=\"lazyload\" data-src=\"https:\/\/trustpromotion.de\/wp-content\/uploads\/2022\/02\/TrustPromotion-Messekalender-Logo-8127-ANGA-COM.png\" width=\"100%\"  alt=\"\" uk-img>\n\t<\/div>\t\n\t<div class=\"uk-width-1-1 uk-width-2-3@s uk-width-3-4@m\">\n\t\t<h2>ANGA COM<\/h2>\n\t\t<div>Where Broadband Meets Content - Europas f\u00fchrende Kongressmesse f\u00fcr Breitband, Fernsehen und Online<\/div>\n\t\t<div>K\u00f6ln Messe<\/div>\n\t\t<div>23.05.2023 - 25.05.2023<\/div><br>\n\t\t\n\t<\/div>\n<\/a>\n\n\t\t\t\t\t\t<a href=\"https:\/\/trustpromotion.de\/pl\/messen\/polismobility\/\" class=\"uk-link-reset\" uk-grid>\n\t<div class=\"uk-width-1-1 uk-width-1-3@s uk-width-1-4@m \">\n\t\t<img class=\"lazyload\" data-src=\"https:\/\/trustpromotion.de\/wp-content\/uploads\/2021\/09\/Trustpromotion-Messekalender-Logo-polisMOBILITY.png\" width=\"100%\"  alt=\"\" uk-img>\n\t<\/div>\t\n\t<div class=\"uk-width-1-1 uk-width-2-3@s uk-width-3-4@m\">\n\t\t<h2>polisMOBILITY<\/h2>\n\t\t<div>Moving Cities<\/div>\n\t\t<div>K\u00f6ln Messe<\/div>\n\t\t<div>24.05.2023 - 26.05.2023<\/div><br>\n\t\t\n\t<\/div>\n<\/a>\n\n\t\t\t\t\t\t<a href=\"https:\/\/trustpromotion.de\/pl\/messen\/it-day-koeln\/\" class=\"uk-link-reset\" uk-grid>\n\t<div class=\"uk-width-1-1 uk-width-1-3@s uk-width-1-4@m \">\n\t\t<img class=\"lazyload\" data-src=\"https:\/\/trustpromotion.de\/wp-content\/uploads\/2020\/04\/Trustpromotion-Messekalender-Logo-IT-Day-Stuttgart.gif\" width=\"100%\"  alt=\"\" uk-img>\n\t<\/div>\t\n\t<div class=\"uk-width-1-1 uk-width-2-3@s uk-width-3-4@m\">\n\t\t<h2>IT Day K\u00f6ln<\/h2>\n\t\t<div>Das Informatik-Fachforum<\/div>\n\t\t<div>GS1 Germany GmbH Knowledge Center K\u00f6ln<\/div>\n\t\t<div>26.05.2023 - 26.05.2023<\/div><br>\n\t\t\n\t<\/div>\n<\/a>\n\n\t\t\t\t\t\t<a href=\"https:\/\/trustpromotion.de\/pl\/messen\/imm-cologne\/\" class=\"uk-link-reset\" uk-grid>\n\t<div class=\"uk-width-1-1 uk-width-1-3@s uk-width-1-4@m \">\n\t\t<img class=\"lazyload\" data-src=\"https:\/\/trustpromotion.de\/wp-content\/uploads\/2020\/04\/Trustpromotion-Messekalender-Logo-imm-cologne.gif\" width=\"100%\"  alt=\"\" uk-img>\n\t<\/div>\t\n\t<div class=\"uk-width-1-1 uk-width-2-3@s uk-width-3-4@m\">\n\t\t<h2>imm cologne<\/h2>\n\t\t<div>Die internationale Einrichtungsmesse<\/div>\n\t\t<div>K\u00f6ln Messe<\/div>\n\t\t<div>04.06.2023 - 07.06.2023<\/div><br>\n\t\t\n\t<\/div>\n<\/a>\n\n\t\t\t\t\t\t<a href=\"https:\/\/trustpromotion.de\/pl\/messen\/livingkitchen\/\" class=\"uk-link-reset\" uk-grid>\n\t<div class=\"uk-width-1-1 uk-width-1-3@s uk-width-1-4@m \">\n\t\t<img class=\"lazyload\" data-src=\"https:\/\/trustpromotion.de\/wp-content\/uploads\/2020\/04\/Trustpromotion-Messekalender-Logo-LivingKitchen.gif\" width=\"100%\"  alt=\"\" uk-img>\n\t<\/div>\t\n\t<div class=\"uk-width-1-1 uk-width-2-3@s uk-width-3-4@m\">\n\t\t<h2>LivingKitchen<\/h2>\n\t\t<div>Das internationale K\u00fcchenevent<\/div>\n\t\t<div>K\u00f6ln Messe<\/div>\n\t\t<div>04.06.2023 - 07.06.2023<\/div><br>\n\t\t\n\t<\/div>\n<\/a>\n\n\t\t\t\t\t\t<a href=\"https:\/\/trustpromotion.de\/pl\/messen\/koelner-kanal-und-klaeranlagen-kolloquium\/\" class=\"uk-link-reset\" uk-grid>\n\t<div class=\"uk-width-1-1 uk-width-1-3@s uk-width-1-4@m \">\n\t\t<img class=\"lazyload\" data-src=\"https:\/\/trustpromotion.de\/wp-content\/uploads\/2020\/04\/Trustpromotion-Messekalender-Logo-K\u00f6lner-Kanal-und-Kl\u00e4ranlagen-Kolloquium.png\" width=\"100%\"  alt=\"\" uk-img>\n\t<\/div>\t\n\t<div class=\"uk-width-1-1 uk-width-2-3@s uk-width-3-4@m\">\n\t\t<h2>K\u00f6lner Kanal und Kl\u00e4ranlagen Kolloquium<\/h2>\n\t\t<div>Veranstaltung f\u00fcr Kanalisationstechnik und Abwasserreinigungsanlagen<\/div>\n\t\t<div>Maternushaus K\u00f6ln<\/div>\n\t\t<div>12.06.2023 - 13.06.2023<\/div><br>\n\t\t\n\t<\/div>\n<\/a>\n\n\t\t\t\t\t\t<a href=\"https:\/\/trustpromotion.de\/pl\/messen\/cmcx\/\" class=\"uk-link-reset\" uk-grid>\n\t<div class=\"uk-width-1-1 uk-width-1-3@s uk-width-1-4@m \">\n\t\t<img class=\"lazyload\" data-src=\"https:\/\/trustpromotion.de\/wp-content\/uploads\/2020\/04\/Trustpromotion-Messekalender-Logo-CMCX.gif\" width=\"100%\"  alt=\"\" uk-img>\n\t<\/div>\t\n\t<div class=\"uk-width-1-1 uk-width-2-3@s uk-width-3-4@m\">\n\t\t<h2>CMCX<\/h2>\n\t\t<div>Content-Marketing Conference & Exposition<\/div>\n\t\t<div>Dock\u00b2<\/div>\n\t\t<div>13.06.2023 - 14.06.2023<\/div><br>\n\t\t\n\t<\/div>\n<\/a>\n\n\t\t\t\t\t\t<a href=\"https:\/\/trustpromotion.de\/pl\/messen\/pm-forum\/\" class=\"uk-link-reset\" uk-grid>\n\t<div class=\"uk-width-1-1 uk-width-1-3@s uk-width-1-4@m \">\n\t\t<img class=\"lazyload\" data-src=\"https:\/\/trustpromotion.de\/wp-content\/uploads\/2020\/11\/Trustpromotion-Messekalender-Logo-PM-Forum.png\" width=\"100%\"  alt=\"\" uk-img>\n\t<\/div>\t\n\t<div class=\"uk-width-1-1 uk-width-2-3@s uk-width-3-4@m\">\n\t\t<h2>PM Forum<\/h2>\n\t\t<div>Internationales Projektmanagement Forum<\/div>\n\t\t<div>Mediapark K\u00f6ln<\/div>\n\t\t<div>15.06.2023 - 16.06.2023<\/div><br>\n\t\t\n\t<\/div>\n<\/a>\n\n\t\t\t\t\t\t<a href=\"https:\/\/trustpromotion.de\/pl\/messen\/jubi-koeln-1-die-jugendbildungsmesse\/\" class=\"uk-link-reset\" uk-grid>\n\t<div class=\"uk-width-1-1 uk-width-1-3@s uk-width-1-4@m \">\n\t\t<img class=\"lazyload\" data-src=\"https:\/\/trustpromotion.de\/wp-content\/uploads\/2020\/04\/Trustpromotion-Messekalender-Logo-JuBi-K\u00f6ln-1-Die-JugendBildungsmesse.gif\" width=\"100%\"  alt=\"\" uk-img>\n\t<\/div>\t\n\t<div class=\"uk-width-1-1 uk-width-2-3@s uk-width-3-4@m\">\n\t\t<h2>JuBi K\u00f6ln 1 &#8211; Die JugendBildungsmesse<\/h2>\n\t\t<div>Messe f\u00fcr Schule, Reisen, Lernen und Leben im Ausland<\/div>\n\t\t<div>KonferenzZentrum des TechnologieParks<\/div>\n\t\t<div>17.06.2023 - 17.06.2023<\/div><br>\n\t\t\n\t<\/div>\n<\/a>\n\n\t\t\t\t\t\t<a href=\"https:\/\/trustpromotion.de\/pl\/messen\/spogagafa\/\" class=\"uk-link-reset\" uk-grid>\n\t<div class=\"uk-width-1-1 uk-width-1-3@s uk-width-1-4@m \">\n\t\t<img class=\"lazyload\" data-src=\"https:\/\/trustpromotion.de\/wp-content\/uploads\/2020\/04\/Trustpromotion-Messekalender-Logo-spogagafa.gif\" width=\"100%\"  alt=\"\" uk-img>\n\t<\/div>\t\n\t<div class=\"uk-width-1-1 uk-width-2-3@s uk-width-3-4@m\">\n\t\t<h2>spoga+gafa<\/h2>\n\t\t<div>Die Gartenmesse<\/div>\n\t\t<div>K\u00f6ln Messe<\/div>\n\t\t<div>18.06.2023 - 20.06.2023<\/div><br>\n\t\t\n\t<\/div>\n<\/a>\n\n\t\t\t\t\t\t<a href=\"https:\/\/trustpromotion.de\/pl\/messen\/heise-jobs-it-tag-koeln\/\" class=\"uk-link-reset\" uk-grid>\n\t<div class=\"uk-width-1-1 uk-width-1-3@s uk-width-1-4@m \">\n\t\t<img class=\"lazyload\" data-src=\"https:\/\/trustpromotion.de\/wp-content\/uploads\/2022\/02\/TrustPromotion-Messekalender-Logo-21996-IT-Jobtag-Koln.png\" width=\"100%\"  alt=\"\" uk-img>\n\t<\/div>\t\n\t<div class=\"uk-width-1-1 uk-width-2-3@s uk-width-3-4@m\">\n\t\t<h2>heise Jobs IT Tag K\u00f6ln<\/h2>\n\t\t<div>Jobmesse und Jobevent im IT & MINT Bereich<\/div>\n\t\t<div>Mediapark K\u00f6ln<\/div>\n\t\t<div>21.06.2023 - 21.06.2023<\/div><br>\n\t\t\n\t<\/div>\n<\/a>\n\n\t\t\t\t\t\t<a href=\"https:\/\/trustpromotion.de\/pl\/messen\/koelner-creativ-sommer\/\" class=\"uk-link-reset\" uk-grid>\n\t<div class=\"uk-width-1-1 uk-width-1-3@s uk-width-1-4@m \">\n\t\t<img class=\"lazyload\" data-src=\"https:\/\/trustpromotion.de\/wp-content\/uploads\/2020\/04\/Trustpromotion-Messekalender-Logo-K\u00f6lner-Creativ-Sommer.png\" width=\"100%\"  alt=\"\" uk-img>\n\t<\/div>\t\n\t<div class=\"uk-width-1-1 uk-width-2-3@s uk-width-3-4@m\">\n\t\t<h2>K\u00f6lner Creativ Sommer<\/h2>\n\t\t<div>Kreativ- und Bastelmesse<\/div>\n\t\t<div>RheinEnergie Stadion<\/div>\n\t\t<div>22.07.2023 - 23.07.2023<\/div><br>\n\t\t\n\t<\/div>\n<\/a>\n\n\t\t\t\t\t\t<a href=\"https:\/\/trustpromotion.de\/pl\/messen\/gourmet-festival-koeln\/\" class=\"uk-link-reset\" uk-grid>\n\t<div class=\"uk-width-1-1 uk-width-1-3@s uk-width-1-4@m \">\n\t\t<img class=\"lazyload\" data-src=\"https:\/\/trustpromotion.de\/wp-content\/uploads\/2020\/04\/Trustpromotion-Messekalender-Logo-Gourmet-Festival-K\u00f6ln.png\" width=\"100%\"  alt=\"\" uk-img>\n\t<\/div>\t\n\t<div class=\"uk-width-1-1 uk-width-2-3@s uk-width-3-4@m\">\n\t\t<h2>Gourmet Festival K\u00f6ln<\/h2>\n\t\t<div>K\u00f6lns gr\u00f6\u00dftes Open-Air Food Festival<\/div>\n\t\t<div>Schokoladenmuseum K\u00f6ln<\/div>\n\t\t<div>28.07.2023 - 30.07.2023<\/div><br>\n\t\t\n\t<\/div>\n<\/a>\n\n\t\t\t\t\t\t<a href=\"https:\/\/trustpromotion.de\/pl\/messen\/filmmesse-koeln\/\" class=\"uk-link-reset\" uk-grid>\n\t<div class=\"uk-width-1-1 uk-width-1-3@s uk-width-1-4@m \">\n\t\t<img class=\"lazyload\" data-src=\"https:\/\/trustpromotion.de\/wp-content\/uploads\/2020\/04\/Trustpromotion-Messekalender-Logo-Filmmesse-K\u00f6ln.gif\" width=\"100%\"  alt=\"\" uk-img>\n\t<\/div>\t\n\t<div class=\"uk-width-1-1 uk-width-2-3@s uk-width-3-4@m\">\n\t\t<h2>Filmmesse K\u00f6ln<\/h2>\n\t\t<div>Fachmesse f\u00fcr Film-Verleiher, Kinobetreiber und kinoaffine Unternehmen<\/div>\n\t\t<div>Cinedom K\u00f6ln<\/div>\n\t\t<div>08.08.2023 - 11.08.2023<\/div><br>\n\t\t\n\t<\/div>\n<\/a>\n\n\t\t\t\t\t\t<a href=\"https:\/\/trustpromotion.de\/pl\/messen\/gamescom\/\" class=\"uk-link-reset\" uk-grid>\n\t<div class=\"uk-width-1-1 uk-width-1-3@s uk-width-1-4@m \">\n\t\t<img class=\"lazyload\" data-src=\"https:\/\/trustpromotion.de\/wp-content\/uploads\/2020\/04\/Trustpromotion-Messekalender-Logo-gamescom.gif\" width=\"100%\"  alt=\"\" uk-img>\n\t<\/div>\t\n\t<div class=\"uk-width-1-1 uk-width-2-3@s uk-width-3-4@m\">\n\t\t<h2>gamescom<\/h2>\n\t\t<div>Das gr\u00f6\u00dfte Messe- und Eventhighlight f\u00fcr interaktive Spiele und Unterhaltung<\/div>\n\t\t<div>K\u00f6ln Messe<\/div>\n\t\t<div>23.08.2023 - 27.08.2023<\/div><br>\n\t\t\n\t<\/div>\n<\/a>\n\n\t\t\t\t\t\t<\/div>\n\t\t\t<div id=\"more-items-container\"><\/div><a href=\"javascript:void(0);\" \n   class=\"load-more\" \n   data-target=\".messen-items\" \n   data-container=\"#more-items-container\" \n   data-no_paging_url=\"\" \n   data-hasmore=\"true\" \n   data-total=\"4\" \n   data-next=\"2\">\n\t+ weitere laden<span uk-spinner=\"ratio:.5;\" class=\"uk-margin-small-left uk-hidden\"><\/span>\n<\/a>\n\t\t\t\n<script>window.onload = (event) => {\n\t(function($){\n\t\t\/\/ disable load more button when attribute dictates there are no more pages\n\t\t$( '.load-more' ).each( function( item ) { if ($(this).attr( 'data-hasmore' ) == 'false') { $(this).remove(); }; } );\n\t\t$( 'body' ).on( 'click' , '.load-more' , function() {\n\t\t\tconst $this = $( this );\n\t\t\t$this.find( \"[uk-spinner]\" ).removeClass( 'uk-hidden' );\n\t\t\tvar next = parseInt($this.attr( 'data-next' )),\n\t\t\t\ttotal = parseInt($this.attr( 'data-total' )); \n\t\t\tvar url = $this.data( 'no_paging_url' );\n\t\t\t\/\/ when no_paging_url is a ?s={searchstring} url \n\t\t\tif ( $this.data( 'no_paging_url' ).includes( '?s=' ) ) {\n\t\t\t\turl = url.replace( '?s=' , `page\/${next}\/?s=` );\n\t\t\t} else {\n\t\t\t\turl += `page\/${next}\/`;\n\t\t\t}\n\t\t\t$( $this.data( 'container' ) ).load( `${url} .messen-items > a` , function() {\n\t\t\t\t\/\/ now move the items from the target to the \n\t\t\t\t$($this.data( 'target' )).append( $($this.data( 'container' )).html() );\n\t\t\t\t$($this.data( 'container' )).html( \"\" );\n\t\t\t\t\/\/ remove if we're already on the last item\n\t\t\t\tif ( next == total ) {\n\t\t\t\t\t$this.remove();\n\t\t\t\t\treturn;\n\t\t\t\t} else {\n\t\t\t\t\t$this.attr( \"data-next\" , next + 1 );\n\t\t\t\t}\n\t\t\t$this.find( \"[uk-spinner]\" ).addClass( 'uk-hidden' );\n\t\t\t} );\n\t\t} );\n\t})(jQuery);\t\n}\n<\/script>\n\n\n\n<p class=\"gb-headline gb-headline-fc165c36 gb-headline-text\"><strong>Hinweis:<\/strong> Messeinformationen werden aktuell nicht in Englisch \u00fcbersetzt und stehen deshalb nur auf der deutschen Seite zur Verf\u00fcgung.<\/p>\n\n\n\n<hr class=\"wp-block-separator has-alpha-channel-opacity has-text-color has-background has-central-palette-1-background-color has-central-palette-1-color is-style-wide\" id=\"3\"\/>\n\n\n\n<h2 class=\"gb-headline gb-headline-6f0b4688 gb-headline-text\">Adressen der Messe K\u00f6ln<\/h2>\n\n\n<div class=\"gb-grid-wrapper gb-grid-wrapper-57b70c17\">\n<div class=\"gb-grid-column gb-grid-column-b4151151\"><div class=\"gb-container gb-container-b4151151\"><div class=\"gb-inside-container\">\n\n<h3 class=\"wp-block-heading\">Hauptmessestandort K\u00f6ln<\/h3>\n\n\n\n<p><strong><strong>Koelnmesse GmbH<\/strong><br><\/strong>Messeplatz 1<br>50679 K\u00f6ln<\/p>\n\n<\/div><\/div><\/div>\n\n<div class=\"gb-grid-column gb-grid-column-bd8872f2\"><div class=\"gb-container gb-container-bd8872f2\"><div class=\"gb-inside-container\">\n\n<figure class=\"wp-block-image size-full\"><a href=\"https:\/\/goo.gl\/maps\/brmkxpnNDzLsS3H19\" target=\"_blank\" rel=\"noopener\"><img decoding=\"async\" width=\"600\" height=\"600\" src=\"https:\/\/trustpromotion.de\/wp-content\/uploads\/2022\/02\/Messe-Koeln-Standort.jpg\" data-orig-src=\"https:\/\/trustpromotion.de\/wp-content\/uploads\/2022\/02\/Messe-Koeln-Standort.jpg\" alt=\"\" class=\"lazyload wp-image-41587\" srcset=\"data:image\/svg+xml,%3Csvg%20xmlns%3D%27http%3A%2F%2Fwww.w3.org%2F2000%2Fsvg%27%20width%3D%27600%27%20height%3D%27600%27%20viewBox%3D%270%200%20600%20600%27%3E%3Crect%20width%3D%27600%27%20height%3D%27600%27%20fill-opacity%3D%220%22%2F%3E%3C%2Fsvg%3E\" data-srcset=\"https:\/\/trustpromotion.de\/wp-content\/uploads\/2022\/02\/Messe-Koeln-Standort-150x150.jpg 150w, https:\/\/trustpromotion.de\/wp-content\/uploads\/2022\/02\/Messe-Koeln-Standort-300x300.jpg 300w, https:\/\/trustpromotion.de\/wp-content\/uploads\/2022\/02\/Messe-Koeln-Standort.jpg 600w\" data-sizes=\"auto\" data-orig-sizes=\"(max-width: 600px) 100vw, 600px\" \/><\/a><\/figure>\n\n<\/div><\/div><\/div>\n<\/div>\n\n\n<hr class=\"wp-block-separator has-alpha-channel-opacity has-text-color has-background has-central-palette-1-background-color has-central-palette-1-color is-style-wide\" id=\"4\"\/>\n\n\n\n<h2 class=\"gb-headline gb-headline-82086081 gb-headline-text\">Weitere Messe &amp; Kongressstandorte in K\u00f6ln<\/h2>\n\n\n<div class=\"gb-grid-wrapper gb-grid-wrapper-ca23c516\">\n<div class=\"gb-grid-column gb-grid-column-f34109fd\"><div class=\"gb-container gb-container-f34109fd\"><div class=\"gb-inside-container\">\n\n<p><a href=\"https:\/\/cinedom.de\/\" target=\"_blank\" rel=\"noreferrer noopener\"><strong>Cinedom K\u00f6ln<\/strong><\/a><br>Im Mediapark 1<br>50670 K\u00f6ln<\/p>\n\n\n\n<p><a href=\"https:\/\/www.dockone.de\/\"><strong>DOCK.ONE<\/strong><\/a><br>Hafenstra\u00dfe 1 \/ Auenweg<br>51063 K\u00f6ln<\/p>\n\n\n\n<p><a href=\"https:\/\/www.koelnkongress.de\/de\/locations\/flora-koeln.html\"><strong>Flora K\u00f6ln<\/strong><\/a><br>Am Botanischen Garten 1a<br>50735 K\u00f6ln<\/p>\n\n\n\n<p><a href=\"https:\/\/www.koelnkongress.de\/de\/locations\/guerzenich-koeln.html\" target=\"_blank\" rel=\"noreferrer noopener\"><strong>G\u00fcrzenich<\/strong><\/a><br>Martinstra\u00dfe 29-37<br>50667 K\u00f6ln<\/p>\n\n<\/div><\/div><\/div>\n\n<div class=\"gb-grid-column gb-grid-column-43515275\"><div class=\"gb-container gb-container-43515275\"><div class=\"gb-inside-container\">\n\n<p><a href=\"https:\/\/www.koelnkongress.de\/de\/locations\/congress-centrum-koelnmesse\/congress-centrum-ost.html\" target=\"_blank\" rel=\"noreferrer noopener\"><strong>Koelnmesse Congress-Centrum Ost<\/strong><\/a><br>Deutz-M\u00fclheimer Stra\u00dfe 51<br>50679 K\u00f6ln<\/p>\n\n\n\n<p><a href=\"https:\/\/www.palladium-koeln.de\/\" target=\"_blank\" rel=\"noreferrer noopener\"><strong>Palladium<\/strong><\/a><br>Schanzenstra\u00dfe 36<br>51063 K\u00f6ln<\/p>\n\n\n\n<p><a href=\"https:\/\/www.rheinenergiestadion.de\/\" target=\"_blank\" rel=\"noreferrer noopener\"><strong>RheinEnergieSTADION<\/strong><\/a><br>Aachener Stra\u00dfe 999<br>50933 K\u00f6ln<\/p>\n\n<\/div><\/div><\/div>\n\n<div class=\"gb-grid-column gb-grid-column-b106c7a1\"><div class=\"gb-container gb-container-b106c7a1\"><div class=\"gb-inside-container\">\n\n<p><a href=\"http:\/\/www.xn--rheinpark-kln-smb.de\/\" target=\"_blank\" rel=\"noreferrer noopener\"><strong>Rheinpark K\u00f6ln<\/strong><\/a><br>Auenweg Rheinpark<br>50679 K\u00f6ln<\/p>\n\n\n\n<p><a href=\"http:\/\/www.schokoladenmuseum.de\/\" target=\"_blank\" rel=\"noreferrer noopener\"><strong>Schokoladenmuseum<\/strong><\/a><br>Am Schokoladenmuseum 1A<br>50678 K\u00f6ln<\/p>\n\n\n\n<p><strong>XPOST<\/strong><br>Gladbacher Wall 5<br>50670 K\u00f6ln<\/p>\n\n<\/div><\/div><\/div>\n<\/div>\n\n\n<hr class=\"wp-block-separator has-alpha-channel-opacity has-text-color has-background has-central-palette-1-background-color has-central-palette-1-color is-style-wide\" id=\"5\"\/>\n\n\n\n<h2 class=\"gb-headline gb-headline-82910a1a gb-headline-text\">Anfahrt &amp; Anreise zur Messe K\u00f6ln<\/h2>\n\n\n<div class=\"gb-grid-wrapper gb-grid-wrapper-c2298fa6\">\n<div class=\"gb-grid-column gb-grid-column-ce2f1eb8\"><div class=\"gb-container gb-container-ce2f1eb8\"><div class=\"gb-inside-container\">\n\n<p class=\"gb-headline gb-headline-e9ee97ce\"><span class=\"gb-icon\"><svg viewBox=\"0 0 197.99999 81.10622\" xmlns=\"http:\/\/www.w3.org\/2000\/svg\"><defs><style>.cls-1{fill:#616161;}<\/style><\/defs><g data-name=\"Layer 2\" id=\"Layer_2\"><g data-name=\"Layer 1\" id=\"Layer_1-2\"><g id=\"NewGroupe0\"><g id=\"NewGroup1-7\"><path d=\"M39.95231,45.83462a17.63631,17.63631,0,1,0,17.7944,17.6639,17.5957,17.5957,0,0,0-17.7944-17.6639Z\" class=\"cls-1\"><\/path><path d=\"M158.6927,45.99282a17.502,17.502,0,1,0,17.5476,17.3989,17.47473,17.47473,0,0,0-17.5476-17.3989Z\" class=\"cls-1\"><\/path><path d=\"M153.0607,22.102c-.3562,1.1936-1.4712,1.1439-2.3761,1.4236a5.24333,5.24333,0,0,1-.9705.17c-3.5919.4003-7.1754.9289-10.7779,1.163-6.7266.437-13.4599.809-20.196,1.0622V5.59562A73.80993,73.80993,0,0,1,129.8191,7.204a76.27672,76.27672,0,0,1,8.5323,2.2875,79.59811,79.59811,0,0,1,8.5585,3.7198,15.44677,15.44677,0,0,1,6.0117,4.6595c1.023,1.42.5635,2.8079.1391,4.2312Zm-48.04809,17.3681c-3.4919,0-6.3225-1.1047-6.3225-2.4673s2.8306-2.4673,6.3225-2.4673,6.3225,1.1047,6.3225,2.4673-2.8306,2.4673-6.3225,2.4673Zm-10.6471-12.9772q-2.172,0-4.3438.0003c-6.1858.0087-12.3714.0278-18.557.0225-1.8965-.0015-2.4479-.9632-1.4718-2.5879a27.28181,27.28181,0,0,1,2.142-3.1776c3.8872-4.7869,8.9678-7.9722,14.5328-10.3788a63.01527,63.01527,0,0,1,24.0537-4.9769v20.7696c-5.4513.1256-10.9044.1925-16.3559.3029v.0259Zm102.78219,3.7365c-.2399-1.7836-1.4794-2.9784-2.63869-4.1337a15.97618,15.97618,0,0,0-10.90931-4.8986c-4.2343-.169-8.4725-.2483-12.7052-.4444a3.15934,3.15934,0,0,1-1.7901-.7711A76.10533,76.10533,0,0,0,150.6532,7.793a82.65091,82.65091,0,0,0-14.5141-5.0882A100.8604,100.8604,0,0,0,124.7373.71032a104.77575,104.77575,0,0,0-22.31139-.2289A63.67951,63.67951,0,0,0,85.315,4.35822a74.92374,74.92374,0,0,0-19.8663,10.9072c-3.4548,2.6693-6.5458,5.8077-9.8378,8.6923a3.50079,3.50079,0,0,1-1.7561.8549c-5.8306.6952-11.6702,1.317-17.5063,1.9699-3.6985.4139-7.418.7053-11.0882,1.2981-6.7854,1.0952-13.0037,3.5545-18.0223,8.4374A23.28528,23.28528,0,0,0,.02111,53.577c-.033,2.9596.0361,5.9207-.0188,8.8796-.0839,4.5402,2.1216,6.2778,5.9441,6.5422,4.213.2914,6.9193.0666,11.234.0666-.8342-10.1651.8491-17.5248,7.8014-24.0438,4.6623-4.3721,10.8044-5.9031,17.1917-5.5614a23.00489,23.00489,0,0,1,20.5223,15.9889,29.10445,29.10445,0,0,1,1.0008,13.7443H134.7269a47.145,47.145,0,0,1,.009-8.6857c.57211-6.0202,2.582-11.1473,7.1355-15.1777l.0838-.0743a24.49139,24.49139,0,0,1,19.0462-6.0243,32.00616,32.00616,0,0,1,3.6267.6378,25.08776,25.08776,0,0,1,18.3042,17.6516c.10271.3664.1924.7247.2668,1.0711h14.4955c.9252-26.5238-.5469-28.3625-.5469-28.3625Z\" class=\"cls-1\"><\/path><\/g><\/g><\/g><\/g><\/svg><\/span><\/p>\n\n\n\n<h3 class=\"wp-block-heading\">Anreise \u00fcber die Autobahn<\/h3>\n\n\n\n<p>Aus allen Richtungen gelangen Sie \u00fcber die Autobahn zum Messegel\u00e4nde K\u00f6ln. Es gibt sogar 10 Autobahnen, die im K\u00f6lner Autobahnring einflie\u00dfen. Von dort aus geht es direkt zum Messegel\u00e4nde. Zu beachten ist, dass der \u00fcberwiegende Stadtteil in der Umweltzone liegt. Nur mit gr\u00fcner Plakette ist die Einfahrt gestattet.<\/p>\n\n\n\n<p>Durch das Verkehrsleitsystem gelangen Sie z\u00fcgig zur Messe K\u00f6ln. Folgen Sie einfach den Hinweisschildern mit der Aufschrift \u201eK\u00f6lnmesse\u201c.<\/p>\n\n<\/div><\/div><\/div>\n\n<div class=\"gb-grid-column gb-grid-column-75edb31c\"><div class=\"gb-container gb-container-75edb31c\"><div class=\"gb-inside-container\">\n\n<p class=\"gb-headline gb-headline-4172dbe9\"><span class=\"gb-icon\"><svg viewBox=\"0 0 191.304 197.99998\" xmlns=\"http:\/\/www.w3.org\/2000\/svg\"><defs><style>.cls-1{fill:#616161;}<\/style><\/defs><g data-name=\"Layer 2\" id=\"Layer_2\"><g data-name=\"Layer 1\" id=\"Layer_1-2\"><g id=\"NewGroupe1\"><g id=\"NewGroup1-6\"><path d=\"M127.94979,182.44878c-7.5287-4.9516-15.025-9.9519-22.5402-14.9251l-13.4005.3049-5.5642.1268q-4.85325,3.57824-9.6767,7.1941c-4.134,3.079-8.2734,6.1471-12.3913,9.25029a1.6568,1.6568,0,0,0-.6827,1.06051c-.02419,4.1475.0162,8.2977.0405,12.5397.3994-.09711.7259-.1673,1.047-.259q13.61235-3.99105,27.2274-7.9794,1.6515-.4857,3.30291-.966a3.22735,3.22735,0,0,1,1.55429-.1268q16.24335,3.81285,32.4705,7.68239c.197-.1214.3967-.24009.5936-.3588-.2158-3.7158-.4857-7.42889-.6098-11.1474a2.64742,2.64742,0,0,0-1.3708-2.39619Z\" class=\"cls-1\"><\/path><path d=\"M0,147.20968l83.32279-32.9831,3.8291,46.2055h17.0002l3.8291-46.2055,83.32281,32.9831s-.04321-20.1115-.31031-25.8322c-.0189-.4102.027-.8231.0432-1.2359-.081-.1323-.1592-.2645-.2375-.394a8.94412,8.94412,0,0,1-.7798-.456q-9.84405-7.03905-19.6852-14.086-1.67985-1.20208-3.3569-2.4043L153.73079,93.319l-11.598-8.3005-1.9887-1.4221q-13.98075-10.00575-27.9668-20.0063l2.8253-34.0922a28.17663,28.17663,0,0,0-11.2579-24.9337l-4.555-3.392h0a5.92459,5.92459,0,0,0-7.0754,0h0l-4.555,3.392a28.17663,28.17663,0,0,0-11.2579,24.9337l2.8253,34.0922q-13.9848,9.9978-27.9668,20.0063l-1.9887,1.4221-11.598,8.3005-13.2467,9.48229q-1.6797,1.20226-3.3569,2.4043-9.84388,7.043-19.6852,14.086a8.94412,8.94412,0,0,1-.7798.456c-.0783.1295-.1565.2617-.2375.394.0162.4128.0621.8257.0432,1.2359C.04309,127.09818,0,147.20968,0,147.20968Z\" class=\"cls-1\"><\/path><\/g><\/g><\/g><\/g><\/svg><\/span><\/p>\n\n\n\n<h3 class=\"wp-block-heading\">Anreise mit dem Fugzeug<\/h3>\n\n\n\n<p>Rund 15 km ist der n\u00e4chstgelegene Flughafen K\u00f6ln-Bonn entfernt. Der Flughafen ist gut an das S-Bahn Netz angeschlossen, sodass eine Weiterreise zur Messe problemlos m\u00f6glich ist.&nbsp;<\/p>\n\n\n\n<h3 class=\"wp-block-heading\">mit der S-Bahn vom Flughafen zur Messe<\/h3>\n\n\n\n<p>In die S13 in Richtung K\u00f6ln Ehrenfeld steigen Sie ein. An der Haltestelle K\u00f6ln \/ Messe Deutz ist die Fahrt f\u00fcr Sie beendet. Von hier aus laufen Sie noch ungef\u00e4hr 15 Minuten bis zum Messegel\u00e4nde.&nbsp;<\/p>\n\n\n\n<h3 class=\"wp-block-heading\">mit Taxi zum Messegel\u00e4nde<\/h3>\n\n\n\n<p>Ebenfalls ist die Weiterfahrt mit dem Taxi m\u00f6glich. Wenn es die Verkehrslage hergibt, erreichen Sie innerhalb von 15 Minuten die Messe K\u00f6ln.<\/p>\n\n\n\n<p><strong>Kosten: rund 32\u20ac<\/strong><\/p>\n\n<\/div><\/div><\/div>\n\n<div class=\"gb-grid-column gb-grid-column-a35f7e1a\"><div class=\"gb-container gb-container-a35f7e1a\"><div class=\"gb-inside-container\">\n\n<p class=\"gb-headline gb-headline-513b9ce4\"><span class=\"gb-icon\"><svg viewBox=\"0 0 130.39322 197.99999\" xmlns=\"http:\/\/www.w3.org\/2000\/svg\"><defs><style>.cls-1{fill:#616161;}<\/style><\/defs><g data-name=\"Layer 2\" id=\"Layer_2\"><g data-name=\"Layer 1\" id=\"Layer_1-2\"><g id=\"NewGroupe3\"><g id=\"NewGroup1-4\"><path d=\"M115.71972,121.63139H15.007V55.26829h100.7127v66.3631Zm-12.1911,43.8727a12.19115,12.19115,0,1,1,12.1911-12.1912,12.19126,12.19126,0,0,1-12.1911,12.1912Zm-76.3304,0a12.19115,12.19115,0,1,1,12.1908-12.1912,12.19109,12.19109,0,0,1-12.1908,12.1912Zm94.5944-126.6556-4.2853-1.6738a143.28337,143.28337,0,0,0-35.2206-8.7959L65.49912,1.85939a3.9968,3.9968,0,1,0-6.7541,4.2755l13.5504,21.4058a145.27412,145.27412,0,0,0-17.7665.2146L38.13582,1.85939a3.9968,3.9968,0,1,0-6.7541,4.2755l14.2729,22.5477a143.133,143.133,0,0,0-33.0617,8.5816L8.5773,38.84079A13.095,13.095,0,0,0,0,50.896v118.3525c0,7.2227,6.2711,13.0779,14.00662,13.0779H17.008V194.559A3.45131,3.45131,0,0,0,20.449,198h18.5498a3.45112,3.45112,0,0,0,3.441-3.441v-12.2326h45.9704V194.559A3.45112,3.45112,0,0,0,91.85092,198h18.5499a3.45118,3.45118,0,0,0,3.4413-3.441v-12.2326h2.5445c7.7355,0,14.0066-5.8552,14.0066-13.0779V50.91329a13.09889,13.09889,0,0,0-8.6006-12.0648Z\" class=\"cls-1\"><\/path><\/g><\/g><\/g><\/g><\/svg><\/span><\/p>\n\n\n\n<h3 class=\"wp-block-heading\">Anreise mit dem Zug<\/h3>\n\n\n\n<p>Der Hauptbahnhof K\u00f6ln bietet gute Anreisem\u00f6glichkeiten aus allen Richtungen. Mit der Deutschen Bahn fahren Sie einfach zum ICE-Bahnhof K\u00f6n Messe\/Deutz. Unweit vom Messegel\u00e4nde liegt der Bahnhof.<\/p>\n\n\n\n<h3 class=\"wp-block-heading\">mit dem Mittelrhein-Bahn<\/h3>\n\n\n\n<p>Fu\u00dfl\u00e4ufig gelangen Sie zur Messe. Das nimmt rund 35 Minuten in Anspruch. Bequemer funktioniert die Weiterfahrt mit der MRB26 Richtung Deutz\/Messe LANXESS Arena. Von da aus laufen Sie nur noch 1 km bis zur Messe.<\/p>\n\n\n\n<h3 class=\"wp-block-heading\">weiter mit dem Taxi<\/h3>\n\n\n\n<p>Am Bahnhof k\u00f6nnen Sie auch in ein Taxi einsteigen. 10 Minuten dauert die Fahrt, sofern die Verkehrslage gut ist.<\/p>\n\n\n\n<p><strong>Kosten: rund 12\u20ac<\/strong><\/p>\n\n<\/div><\/div><\/div>\n<\/div>\n\n\n<hr class=\"wp-block-separator has-alpha-channel-opacity has-text-color has-background has-central-palette-1-background-color has-central-palette-1-color is-style-wide\" id=\"6\"\/>\n\n\n\n<h2 class=\"gb-headline gb-headline-27cab4df gb-headline-text\">Parken am Messegel\u00e4nde K\u00f6ln<\/h2>\n\n\n\n<p class=\"has-text-align-center\">Ca. 14.500 Parkpl\u00e4tze stehen im Messebereich zur Verf\u00fcgung. Besucher haben kein Problem hinsichtlich der Parkplatzsuche. Es gibt ein Verkehrsleitsystem, welches zu den freien Fl\u00e4chen f\u00fchrt.<\/p>\n\n\n<div class=\"gb-grid-wrapper gb-grid-wrapper-e58423c8\">\n<div class=\"gb-grid-column gb-grid-column-34bfa12c\"><div class=\"gb-container gb-container-34bfa12c\"><div class=\"gb-inside-container\">\n\n<h3 class=\"wp-block-heading\">Parkfl\u00e4che Ost<\/h3>\n\n\n\n<p>In der N\u00e4he der Hallen 10 und 11 gibt es die Parkfl\u00e4chen P10 und P11 f\u00fcr Pkws f\u00fcr den Eingang Ost.<\/p>\n\n\n\n<p><strong>Kosten: 10\u20ac pro Tag<\/strong><\/p>\n\n\n\n<h3 class=\"wp-block-heading\">Parkfl\u00e4che West<\/h3>\n\n\n\n<p>Die Parkpl\u00e4tze P1 \u2013 P7 gibt es an den Hallen 1 bis 7. Von hier aus ist der Eingang West gut erreichbar.<\/p>\n\n\n\n<p><strong>Kosten: 10\u20ac pro Tag<\/strong><\/p>\n\n<\/div><\/div><\/div>\n\n<div class=\"gb-grid-column gb-grid-column-f6fe2516\"><div class=\"gb-container gb-container-f6fe2516\"><div class=\"gb-inside-container\">\n\n<h3 class=\"wp-block-heading\">Parkfl\u00e4che Nord<\/h3>\n\n\n\n<p>Parkpl\u00e4tze P8 und 9 befinden sich am Eingang Nord. Neben dem Pf\u00e4lzischen Ring gibt es die Parkfl\u00e4chen P21 und 22 f\u00fcr weitere Besucher.<\/p>\n\n\n\n<p><strong>Kosten: 10\u20ac pro Tag<\/strong><\/p>\n\n\n\n<p>Zu finden ist auch das Messeparkhaus Zoobr\u00fccke, welches \u00fcberdachte Parkpl\u00e4tze bietet.<\/p>\n\n<\/div><\/div><\/div>\n\n<div class=\"gb-grid-column gb-grid-column-c6dc10cb\"><div class=\"gb-container gb-container-c6dc10cb\"><div class=\"gb-inside-container\">\n\n<h3 class=\"wp-block-heading\">Parkfl\u00e4che S\u00fcd<\/h3>\n\n\n\n<p>Am Eingang S\u00fcd gibt es ebenfalls eine gute Auswahl an Parkfl\u00e4chen. Es stehen die Parkpl\u00e4tze P3 bis 11 bereit.<\/p>\n\n\n\n<p><strong>Kosten: 10\u20ac pro Tag<\/strong><\/p>\n\n\n\n<p>Von den Parkfl\u00e4chen zur Messe K\u00f6ln gelangen Sie fu\u00dfl\u00e4ufig oder auch mit dem kostenlosen Pendelbus. Viele Parkfl\u00e4chen sind nur zu Veranstaltungszeiten ge\u00f6ffnet.<\/p>\n\n<\/div><\/div><\/div>\n<\/div>\n\n<div class=\"wp-block-image\">\n<figure class=\"aligncenter size-large\"><img decoding=\"async\" width=\"1200\" height=\"908\" src=\"https:\/\/trustpromotion.de\/wp-content\/uploads\/2020\/05\/Parkplan-Messe-Koeln-1200x908.jpg\" data-orig-src=\"https:\/\/trustpromotion.de\/wp-content\/uploads\/2020\/05\/Parkplan-Messe-Koeln-1200x908.jpg\" alt=\"\" class=\"lazyload wp-image-21734\" srcset=\"data:image\/svg+xml,%3Csvg%20xmlns%3D%27http%3A%2F%2Fwww.w3.org%2F2000%2Fsvg%27%20width%3D%271200%27%20height%3D%27908%27%20viewBox%3D%270%200%201200%20908%27%3E%3Crect%20width%3D%271200%27%20height%3D%27908%27%20fill-opacity%3D%220%22%2F%3E%3C%2Fsvg%3E\" data-srcset=\"https:\/\/trustpromotion.de\/wp-content\/uploads\/2020\/05\/Parkplan-Messe-Koeln-150x114.jpg 150w, https:\/\/trustpromotion.de\/wp-content\/uploads\/2020\/05\/Parkplan-Messe-Koeln-300x227.jpg 300w, https:\/\/trustpromotion.de\/wp-content\/uploads\/2020\/05\/Parkplan-Messe-Koeln-768x581.jpg 768w, https:\/\/trustpromotion.de\/wp-content\/uploads\/2020\/05\/Parkplan-Messe-Koeln-1200x908.jpg 1200w\" data-sizes=\"auto\" data-orig-sizes=\"(max-width: 1200px) 100vw, 1200px\" \/><\/figure>\n<\/div>\n\n\n<hr class=\"wp-block-separator has-alpha-channel-opacity has-text-color has-background has-central-palette-1-background-color has-central-palette-1-color is-style-wide\" id=\"7\"\/>\n\n\n\n<h2 class=\"gb-headline gb-headline-50b05cc8 gb-headline-text\">Hotels &amp; Motels&nbsp;<br>nahe dem Messegel\u00e4nde K\u00f6ln<\/h2>\n\n\n\n<figure class=\"wp-block-table is-style-stripes\"><table><thead><tr><th>Entfernung Messse K\u00f6ln<\/th><th>Kategorie<\/th><th>Name<\/th><th>Adresse<\/th><th>Preis<\/th><\/tr><\/thead><tbody><tr><td>0,4 km<\/td><td>4 Stern Hotel<\/td><td><a href=\"https:\/\/dorint.com\/de\/\" target=\"_blank\" rel=\"noreferrer noopener\">Dorint An der Messe K\u00f6ln<\/a><\/td><td>Deutz-M\u00fclheimer Str. 22-24, 50679 K\u00f6ln<\/td><td>ab 125\u20ac<\/td><\/tr><tr><td>3,0 km<\/td><td>4 Stern Hotel<\/td><td><a rel=\"noreferrer noopener\" href=\"http:\/\/www.apartment-cologne.com\/\" target=\"_blank\">Deluxe Apartment Cologne<\/a><\/td><td>Berner Str. 33, 51063 K\u00f6ln<\/td><td>ab 84\u20ac<\/td><\/tr><tr><td>0,7 km<\/td><td>3 Stern Hotel<\/td><td><a href=\"https:\/\/apartment-an-der-messe.colognehotel.net\/de\/#main\" target=\"_blank\" rel=\"noreferrer noopener\">Apartment an der Messe<\/a><\/td><td>Deutz-M\u00fclheimer Str. 148, 51063 K\u00f6ln<\/td><td>ab 60\u20ac<\/td><\/tr><tr><td>1,6 km<\/td><td>3 Stern Hotel<\/td><td><a rel=\"noreferrer noopener\" href=\"https:\/\/www.stern-am-rathaus.de\/\" target=\"_blank\">Stern am Rathaus<\/a><\/td><td>B\u00fcrgerstra\u00dfe 6, 50667 K\u00f6ln<\/td><td>ab 81\u20ac<\/td><\/tr><tr><td>3,0 km<\/td><td>Motel<\/td><td><a rel=\"noreferrer noopener\" href=\"https:\/\/www.bednbudget.de\/expo-hostel.html\" target=\"_blank\"><\/a><a rel=\"noreferrer noopener\" href=\"https:\/\/www.hotelbb.de\/de\/koeln-messe\" target=\"_blank\">B&amp;B Hotel K\u00f6ln-Messel<\/a><\/td><td>Gummersbacher Str. 6, 50679 K\u00f6ln<\/td><td>ab 69\u20ac<\/td><\/tr><\/tbody><\/table><\/figure>\n\n\n\n<hr class=\"wp-block-separator has-alpha-channel-opacity has-text-color has-background has-central-palette-1-background-color has-central-palette-1-color is-style-wide\" id=\"8\"\/>\n\n\n\n<h2 class=\"gb-headline gb-headline-1586542e gb-headline-text\">Promoter in K\u00f6ln<\/h2>\n\n\n\n\n\n<p class=\"gb-headline gb-headline-85a2b0cb gb-headline-text\"><strong>Hinweis:<\/strong> Promoterinformationen werden aktuell nicht in Englisch \u00fcbersetzt und stehen deshalb nur auf der deutschen Seite zur Verf\u00fcgung.<\/p>\n\n\n\n<hr class=\"wp-block-separator has-text-color has-central-palette-1-color has-css-opacity has-central-palette-1-background-color has-background is-style-wide\"\/>\n\n\n\n<h3 class=\"gb-headline gb-headline-9c94ab51 gb-headline-text\">Beste Unterst\u00fctzung f\u00fcr Ihren Messeauftritt?<\/h3>\n\n\n\n<p class=\"gb-headline gb-headline-141d6f08 gb-headline-text\">Unsere Messehost\/essen, Promoter und Servicekr\u00e4fte unterst\u00fctzen Sie in allen Bereichen.<\/p>\n\n\n<div class=\"gb-container gb-container-eab5a419\"><div class=\"gb-inside-container\">\n\n<h2 class=\"gb-headline gb-headline-d2e7598a gb-headline-text\">UNVERBINDLICH ANFRAGEN:<\/h2>\n\n\n<div class=\"gb-button-wrapper gb-button-wrapper-7c80a011\">\n\n<a class=\"gb-button gb-button-20ff3491 gb-button-text\" href=\"https:\/\/trustpromotion.de\/kontakt-angebot-anfordern\/\">zu Ihrem Angebot<\/a>\n\n<\/div>\n<\/div><\/div>\n<\/div><\/div>","protected":false},"excerpt":{"rendered":"<p>Messestadt K\u00f6ln &#8211; wichtige Informationen\u200b Messe K\u00f6ln: Adresse, Anreise, Parkm\u00f6glichkeiten,  &#8230;<\/p>","protected":false},"author":6,"featured_media":0,"parent":0,"menu_order":0,"comment_status":"closed","ping_status":"closed","template":"","meta":{"_improvement_type_select":"improve_an_existing","_thumb_yes_seoaic":false,"_frame_yes_seoaic":false,"seoaic_generate_description":"","seoaic_improve_instructions_prompt":"","seoaic_rollback_content_improvement":"","seoaic_idea_thumbnail_generator":"","thumbnail_generated":false,"thumbnail_generate_prompt":"","seoaic_article_description":"","footnotes":""},"p-category":[],"class_list":["post-21730","page","type-page","status-publish","hentry"],"_links":{"self":[{"href":"https:\/\/trustpromotion.de\/pl\/wp-json\/wp\/v2\/pages\/21730","targetHints":{"allow":["GET"]}}],"collection":[{"href":"https:\/\/trustpromotion.de\/pl\/wp-json\/wp\/v2\/pages"}],"about":[{"href":"https:\/\/trustpromotion.de\/pl\/wp-json\/wp\/v2\/types\/page"}],"author":[{"embeddable":true,"href":"https:\/\/trustpromotion.de\/pl\/wp-json\/wp\/v2\/users\/6"}],"replies":[{"embeddable":true,"href":"https:\/\/trustpromotion.de\/pl\/wp-json\/wp\/v2\/comments?post=21730"}],"version-history":[{"count":0,"href":"https:\/\/trustpromotion.de\/pl\/wp-json\/wp\/v2\/pages\/21730\/revisions"}],"wp:attachment":[{"href":"https:\/\/trustpromotion.de\/pl\/wp-json\/wp\/v2\/media?parent=21730"}],"wp:term":[{"taxonomy":"p-category","embeddable":true,"href":"https:\/\/trustpromotion.de\/pl\/wp-json\/wp\/v2\/p-category?post=21730"}],"curies":[{"name":"wp","href":"https:\/\/api.w.org\/{rel}","templated":true}]}}